{"id":2796,"date":"2020-05-05T12:14:46","date_gmt":"2020-05-05T10:14:46","guid":{"rendered":"https:\/\/www.raizverde.com\/?page_id=2796"},"modified":"2024-10-09T14:30:11","modified_gmt":"2024-10-09T12:30:11","slug":"tratamiento-procesionaria","status":"publish","type":"page","link":"https:\/\/staging.raizverde.com\/en\/servicios\/tratamiento-procesionaria\/","title":{"rendered":"Processionary plant treatment"},"content":{"rendered":"<div class=\"wpb-content-wrapper\"><div class=\"vc_row wpb_row vc_row-fluid vc_custom_1588356209427\"><div class=\"wpb_column vc_column_container vc_col-sm-12\"><div class=\"vc_column-inner\"><div class=\"wpb_wrapper\">\n\t<div class=\"wpb_text_column wpb_content_element  center heading color-dark text-center\" >\n\t\t<div class=\"wpb_wrapper\">\n\t\t\t<h2 class=\"heading-color fs-38\">Processionary plant treatment<\/h2>\n<p>En Ra\u00edz Verde somos expertos en el tratamiento de la procesionaria y ofrecemos servicios especializados en Alicante, Murcia, Valencia y Castell\u00f3n. Nuestro equipo cuenta con las herramientas y productos necesarios para mantener sus pinos libres de la molesta procesionaria.<\/p>\n<p>Entendemos la importancia de la prevenci\u00f3n y utilizamos fumigaciones en el momento adecuado para garantizar que sus \u00e1rboles permanezcan sanos y libres de plagas.<\/p>\n<p>Tambi\u00e9n ofrecemos tratamiento para otras infecciones, como las causadas por el picudo rojo o la procesionaria del pino. As\u00ed que, para todas sus necesidades de tratamiento contra la procesionaria, conf\u00ede en Ra\u00edz Verde.<\/p>\n\n\t\t<\/div>\n\t<\/div>\n<\/div><\/div><\/div><\/div><div class=\"vc_row wpb_row vc_row-fluid vc_custom_1698423228916\"><div class=\"wpb_column vc_column_container vc_col-sm-12\"><div class=\"vc_column-inner\"><div class=\"wpb_wrapper\"><div class=\"vc_separator wpb_content_element vc_separator_align_center vc_sep_width_100 vc_sep_pos_align_center vc_sep_color_green wpb_content_element vc_separator-has-text\" ><span class=\"vc_sep_holder vc_sep_holder_l\"><span class=\"vc_sep_line\"><\/span><\/span><h4>Processionary plant treatment<\/h4><span class=\"vc_sep_holder vc_sep_holder_r\"><span class=\"vc_sep_line\"><\/span><\/span>\n<\/div><\/div><\/div><\/div><\/div><div class=\"vc_row wpb_row vc_row-fluid vc_custom_1588356209427\"><div class=\"wpb_column vc_column_container vc_col-sm-12\"><div class=\"vc_column-inner\"><div class=\"wpb_wrapper\">\n\t<div class=\"wpb_text_column wpb_content_element  vc_custom_1639829319475\" >\n\t\t<div class=\"wpb_wrapper\">\n\t\t\t<p>En Ra\u00edz Verde somos especialistas en el tratamiento procesionaria. Contamos con las herramientas y los productos necesarios para mantener sus pinos libres de procesionaria. Para lograrlo, es necesario prevenir la plaga y tambi\u00e9n realizar las fumigaciones pertinentes en la \u00e9poca adecuada. Somos capaces tambi\u00e9n de tratar otras infecciones, como las causadas por el <a href=\"https:\/\/www.raizverde.com\/servicios\/tratamiento-picudo-rojo\/\" target=\"_blank\" rel=\"noopener\">picudo rojo<\/a> o <a href=\"https:\/\/es.wikipedia.org\/wiki\/Thaumetopoea_pityocampa\" target=\"_blank\" rel=\"noopener\">la procesionaria<\/a>.<\/p>\n<blockquote><p>\nLa plaga m\u00e1s com\u00fan y que afecta a gran cantidad de pinos en Espa\u00f1a: la procesionaria\n<\/p><\/blockquote>\n\n\t\t<\/div>\n\t<\/div>\n<\/div><\/div><\/div><\/div><div class=\"vc_row wpb_row vc_row-fluid h3-center-400 vc_custom_1698423235660\"><div class=\"wpb_column vc_column_container vc_col-sm-12\"><div class=\"vc_column-inner vc_custom_1587553355902\"><div class=\"wpb_wrapper\">\n\t<div class=\"wpb_text_column wpb_content_element  rv-c_primary text-center line-after\" >\n\t\t<div class=\"wpb_wrapper\">\n\t\t\t<h3>\u00bfqu\u00e9 molestias o problemas puede causar la plaga de procesionaria?<\/h3>\n\n\t\t<\/div>\n\t<\/div>\n<div class=\"vc_row wpb_row vc_inner vc_row-fluid vc_custom_1588349802928 vc_row-o-equal-height vc_row-o-content-middle vc_row-flex\"><div class=\"wpb_column vc_column_container vc_col-sm-8\"><div class=\"vc_column-inner\"><div class=\"wpb_wrapper\"><div class=\"uavc-list-icon uavc-list-icon-wrapper ult-adjust-bottom-margin\"><ul class=\"uavc-list\"><li><div class=\"uavc-list-content\" id=\"list-icon-wrap-4231\">\n<div class=\"uavc-list-icon\" data-animation=\"\" data-animation-delay=\"03\" style=\"margin-right:15px;\"><div class=\"ult-just-icon-wrapper\"><div class=\"align-icon\" style=\"text-align:center;\">\n<div class=\"aio-icon square\"  style=\"color:#ffffff;background:#75b325;font-size:30px;display:inline-block;\">\n\t<i class=\"icomoon-the7-font-the7-arrow-07\"><\/i>\n<\/div><\/div><\/div>\n<\/div><span  data-ultimate-target='#list-icon-wrap-4231 .uavc-list-desc'  data-responsive-json-new='{\"font-size\":\"\",\"line-height\":\"\"}'  class=\"uavc-list-desc ult-responsive\" style=\"\"><\/p>\n<h3>Para adultos y ni\u00f1os<\/h3>\n<p>El mayor problema que genera esta plaga es cuando entra en contacto con nuestra piel, ojos o boca. Cualquier contacto con los gusanos de esta plaga o sus desprendimientos, puede causar s\u00edntomas como: urticaria, un picor extremo, erupciones en la piel e incluso la aparici\u00f3n de ronchas rojizas. Por un lado, este contacto puede darse cuando los gusanos a\u00fan est\u00e1n en el pino y desprenden pelos negros que pueden afectarnos si pasamos por debajo de un nido. Y, por otro lado, el contacto puede darse cuando los gusanos de la procesionaria est\u00e1n en el suelo traslad\u00e1ndose, y los tocamos o pisamos por descuido.<\/span><\/div><\/li><li><div class=\"uavc-list-content\" id=\"list-icon-wrap-1093\">\n<div class=\"uavc-list-icon\" data-animation=\"\" data-animation-delay=\"03\" style=\"margin-right:15px;\"><div class=\"ult-just-icon-wrapper\"><div class=\"align-icon\" style=\"text-align:center;\">\n<div class=\"aio-icon square\"  style=\"color:#ffffff;background:#75b325;font-size:30px;display:inline-block;\">\n\t<i class=\"icomoon-the7-font-the7-arrow-07\"><\/i>\n<\/div><\/div><\/div>\n<\/div><span  data-ultimate-target='#list-icon-wrap-1093 .uavc-list-desc'  data-responsive-json-new='{\"font-size\":\"\",\"line-height\":\"\"}'  class=\"uavc-list-desc ult-responsive\" style=\"\"><\/p>\n<h3>Para mascotas<\/h3>\n<p>Las mascotas son las m\u00e1s afectadas por la procesionaria, ya que no podemos advertir a los animales de este peligro. Es por ello que, cuando la procesionaria baja del pino, es muy probable que las mascotas entren en contacto con ella. El contacto de las mascotas con esta plaga causa efectos similares a los humanos: hinchazones, irritaciones o picores. Si se observan estos s\u00edntomas, lo m\u00e1s recomendable es visitar un veterinario y no tocar las zonas afectadas. Para mantener sus pinos sanos y libres de esta plaga, desde Ra\u00edzVerde recomendamos contar con el asesoramiento de un experto que pueda escoger el tratamiento procesionaria adecuado y llevarlo a cabo de la forma m\u00e1s eficaz y definitiva.<\/span><\/div><\/li><\/ul><\/div><\/div><\/div><\/div><div class=\"wpb_column vc_column_container vc_col-sm-4\"><div class=\"vc_column-inner\"><div class=\"wpb_wrapper\">\n\t<div  class=\"wpb_single_image wpb_content_element vc_align_center\">\n\t\t\n\t\t<figure class=\"wpb_wrapper vc_figure\">\n\t\t\t<div class=\"vc_single_image-wrapper vc_box_shadow_3d  vc_box_border_grey\"><img loading=\"lazy\" decoding=\"async\" width=\"370\" height=\"500\" src=\"https:\/\/staging.raizverde.com\/wp-content\/uploads\/2020\/05\/tratamiento-procesionaria-alicante.jpg\" class=\"vc_single_image-img attachment-large\" alt=\"Tratamiento procesionaria Alicante\" title=\"Tratamiento procesionaria Alicante\" srcset=\"https:\/\/staging.raizverde.com\/wp-content\/uploads\/2020\/05\/tratamiento-procesionaria-alicante.jpg 370w, https:\/\/staging.raizverde.com\/wp-content\/uploads\/2020\/05\/tratamiento-procesionaria-alicante-222x300.jpg 222w\" sizes=\"auto, (max-width: 370px) 100vw, 370px\"  data-dt-location=\"https:\/\/staging.raizverde.com\/en\/servicios\/tratamiento-procesionaria\/tratamiento-procesionaria-alicante\/\" \/><\/div>\n\t\t<\/figure>\n\t<\/div>\n<\/div><\/div><\/div><\/div>\n\t<div class=\"wpb_text_column wpb_content_element  vc_custom_1639828522871\" >\n\t\t<div class=\"wpb_wrapper\">\n\t\t\t<blockquote><p>\nLa \u00e9poca ideal para tratar esta plaga es durante los meses de septiembre y octubre. no obstante, el especialista debe tener en cuenta factores como la ubicaci\u00f3n geogr\u00e1fica y el clima a la hora de fumigar.\n<\/p><\/blockquote>\n\n\t\t<\/div>\n\t<\/div>\n<\/div><\/div><\/div><\/div><div data-vc-full-width=\"true\" data-vc-full-width-temp=\"true\" data-vc-full-width-init=\"false\" data-vc-parallax=\"1.5\" class=\"vc_row wpb_row vc_row-fluid contact-wrapper vc_custom_1687977805289 vc_row-has-fill vc_general vc_parallax vc_parallax-content-moving\"><div class=\"white text-center wpb_column vc_column_container vc_col-sm-12\"><div class=\"vc_column-inner vc_custom_1594665541929\"><div class=\"wpb_wrapper\">\n\t<div class=\"wpb_text_column wpb_content_element  white\" >\n\t\t<div class=\"wpb_wrapper\">\n\t\t\t<p><span class=\"contact-label\">Si cree que sus pinos tienen procesionaria y necesita un tratamiento procesionaria, ll\u00e1menos y encontraremos una soluci\u00f3n lo antes posible.<\/span><\/p>\n<p>Estamos siempre disponibles para atender cualquier consulta o emergencia en cualquier momento, incluso en fin de semana o festivos.<\/p>\n\n\t\t<\/div>\n\t<\/div>\n<div class=\"vc_empty_space\"   style=\"height: 20px\"><span class=\"vc_empty_space_inner\"><\/span><\/div><div class=\"vc_row wpb_row vc_inner vc_row-fluid\"><div class=\"wpb_column vc_column_container vc_col-sm-1\/5\"><div class=\"vc_column-inner\"><div class=\"wpb_wrapper\"><\/div><\/div><\/div><div class=\"wpb_column vc_column_container vc_col-sm-1\/5\"><div class=\"vc_column-inner\"><div class=\"wpb_wrapper\">\n\t<div class=\"wpb_text_column wpb_content_element  wpb_animate_when_almost_visible wpb_fadeInLeft fadeInLeft vc_custom_1687978170496 text-center text-md-right\" >\n\t\t<div class=\"wpb_wrapper\">\n\t\t\t<p><a class=\"button\" href=\"https:\/\/www.raizverde.com\/contacto\/\" target=\"_self\" rel=\"noopener\">Enviar correo<\/a><\/p>\n\n\t\t<\/div>\n\t<\/div>\n<\/div><\/div><\/div><div class=\"wpb_column vc_column_container vc_col-sm-1\/5\"><div class=\"vc_column-inner\"><div class=\"wpb_wrapper\">\n\t<div class=\"wpb_text_column wpb_content_element  wpb_animate_when_almost_visible wpb_fadeInUp fadeInUp vc_custom_1687978164696 text-center\" >\n\t\t<div class=\"wpb_wrapper\">\n\t\t\t<p><a class=\"button call-conversion\" href=\"tel:644368939\">Llamar<\/a><\/p>\n\n\t\t<\/div>\n\t<\/div>\n<\/div><\/div><\/div><div class=\"wpb_column vc_column_container vc_col-sm-1\/5\"><div class=\"vc_column-inner\"><div class=\"wpb_wrapper\">\n\t<div class=\"wpb_text_column wpb_content_element  wpb_animate_when_almost_visible wpb_fadeInRight fadeInRight vc_custom_1687978176735 text-center text-md-left\" >\n\t\t<div class=\"wpb_wrapper\">\n\t\t\t<p><a class=\"button whatsapp-conversion\" href=\"\/\/api.whatsapp.com\/send?phone=+34644368939\" target=\"_blank\" rel=\"noopener\">Enviar mensaje (Whatsapp)<\/a><\/p>\n\n\t\t<\/div>\n\t<\/div>\n<\/div><\/div><\/div><div class=\"wpb_column vc_column_container vc_col-sm-1\/5\"><div class=\"vc_column-inner\"><div class=\"wpb_wrapper\"><\/div><\/div><\/div><\/div><\/div><\/div><\/div><\/div><div class=\"vc_row-full-width vc_clearfix\"><\/div><div class=\"vc_row wpb_row vc_row-fluid vc_custom_1688072734813\"><div class=\"wpb_column vc_column_container vc_col-sm-12\"><div class=\"vc_column-inner\"><div class=\"wpb_wrapper\"><div class=\"vc_separator wpb_content_element vc_separator_align_center vc_sep_width_100 vc_sep_pos_align_center vc_sep_color_green wpb_content_element vc_separator-has-text\" ><span class=\"vc_sep_holder vc_sep_holder_l\"><span class=\"vc_sep_line\"><\/span><\/span><h4>Processionary plant treatment<\/h4><span class=\"vc_sep_holder vc_sep_holder_r\"><span class=\"vc_sep_line\"><\/span><\/span>\n<\/div><\/div><\/div><\/div><\/div><div class=\"vc_row wpb_row vc_row-fluid vc_custom_1588100556018\"><div class=\"wpb_column vc_column_container vc_col-sm-12\"><div class=\"vc_column-inner\"><div class=\"wpb_wrapper\">\n\t<div class=\"wpb_text_column wpb_content_element  vc_custom_1688081732311 text-center\" >\n\t\t<div class=\"wpb_wrapper\">\n\t\t\t<h3>M\u00e9todos para el tratamiento de la procesionaria<\/h3>\n\n\t\t<\/div>\n\t<\/div>\n<div class=\"vc_row wpb_row vc_inner vc_row-fluid vc_row-o-equal-height vc_row-o-content-middle vc_row-flex\"><div class=\"wpb_column vc_column_container vc_col-sm-6\"><div class=\"vc_column-inner vc_custom_1588593988719\"><div class=\"wpb_wrapper\"><div class=\"vc_icon_element vc_icon_element-outer vc_custom_1688081607419 vc_do_icon vc_icon_element-align-center vc_icon_element-have-style\"><div class=\"vc_icon_element-inner vc_icon_element-color-rv-c_secondary vc_icon_element-have-style-inner vc_icon_element-size-xl vc_icon_element-style-rounded vc_icon_element-background vc_icon_element-background-color-grey\" ><span class=\"vc_icon_element-icon rv_icon icon-fumigar\" ><\/span><\/div><\/div>\n\t<div class=\"wpb_text_column wpb_content_element  text-center\" >\n\t\t<div class=\"wpb_wrapper\">\n\t\t\t<h4>Pulverizaci\u00f3n con pistola<\/h4>\n<p>El objetivo de las fumigaciones con pistola es impregnar los pinos con producto fitosanitario todo lo que sea posible. La pistola es muy efectiva en dicha tarea, ya que su \u00e1ngulo de aplicaci\u00f3n es muy ancho y permite una gran difusi\u00f3n de producto en pocos movimientos.<\/p>\n\n\t\t<\/div>\n\t<\/div>\n<\/div><\/div><\/div><div class=\"wpb_column vc_column_container vc_col-sm-6 vc_col-lg-offset-0 vc_col-md-offset-0 vc_col-sm-offset-0 vc_col-has-fill\"><div class=\"vc_column-inner vc_custom_1588593955811\"><div class=\"wpb_wrapper\">\n\t<div  class=\"wpb_single_image wpb_content_element vc_align_center  vc_custom_1688081822594\">\n\t\t\n\t\t<figure class=\"wpb_wrapper vc_figure\">\n\t\t\t<div class=\"vc_single_image-wrapper   vc_box_border_grey\"><img loading=\"lazy\" decoding=\"async\" width=\"600\" height=\"405\" src=\"https:\/\/staging.raizverde.com\/wp-content\/uploads\/2020\/05\/tratamiento-procesionaria-murcia.jpg\" class=\"vc_single_image-img attachment-large\" alt=\"Tratamiento procesionaria Murcia\" title=\"Tratamiento procesionaria Murcia\" srcset=\"https:\/\/staging.raizverde.com\/wp-content\/uploads\/2020\/05\/tratamiento-procesionaria-murcia.jpg 600w, https:\/\/staging.raizverde.com\/wp-content\/uploads\/2020\/05\/tratamiento-procesionaria-murcia-300x203.jpg 300w\" sizes=\"auto, (max-width: 600px) 100vw, 600px\"  data-dt-location=\"https:\/\/staging.raizverde.com\/en\/servicios\/tratamiento-procesionaria\/tratamiento-procesionaria-murcia\/\" \/><\/div>\n\t\t<\/figure>\n\t<\/div>\n<\/div><\/div><\/div><\/div><div class=\"vc_row wpb_row vc_inner vc_row-fluid vc_row-o-equal-height vc_row-o-content-middle vc_row-flex\"><div class=\"wpb_column vc_column_container vc_col-sm-6 vc_col-lg-offset-0 vc_col-md-offset-0 vc_col-sm-offset-0\"><div class=\"vc_column-inner vc_custom_1588593963488\"><div class=\"wpb_wrapper\">\n\t<div  class=\"wpb_single_image wpb_content_element vc_align_center  vc_custom_1688081826912\">\n\t\t\n\t\t<figure class=\"wpb_wrapper vc_figure\">\n\t\t\t<div class=\"vc_single_image-wrapper   vc_box_border_grey\"><img loading=\"lazy\" decoding=\"async\" width=\"600\" height=\"405\" src=\"https:\/\/staging.raizverde.com\/wp-content\/uploads\/2020\/05\/tratamiento-procesionaria-valencia.jpg\" class=\"vc_single_image-img attachment-large\" alt=\"Tratamiento procesionaria Valencia\" title=\"Tratamiento procesionaria Valencia\" srcset=\"https:\/\/staging.raizverde.com\/wp-content\/uploads\/2020\/05\/tratamiento-procesionaria-valencia.jpg 600w, https:\/\/staging.raizverde.com\/wp-content\/uploads\/2020\/05\/tratamiento-procesionaria-valencia-300x203.jpg 300w\" sizes=\"auto, (max-width: 600px) 100vw, 600px\"  data-dt-location=\"https:\/\/staging.raizverde.com\/en\/servicios\/tratamiento-procesionaria\/tratamiento-procesionaria-valencia\/\" \/><\/div>\n\t\t<\/figure>\n\t<\/div>\n<\/div><\/div><\/div><div class=\"wpb_column vc_column_container vc_col-sm-6 vc_col-lg-offset-0 vc_col-md-offset-0 vc_col-sm-offset-0 vc_col-has-fill\"><div class=\"vc_column-inner vc_custom_1588593975471\"><div class=\"wpb_wrapper\"><div class=\"vc_icon_element vc_icon_element-outer vc_custom_1688081525130 vc_do_icon vc_icon_element-align-center vc_icon_element-have-style\"><div class=\"vc_icon_element-inner vc_icon_element-color-rv-c_secondary vc_icon_element-have-style-inner vc_icon_element-size-xl vc_icon_element-style-rounded vc_icon_element-background vc_icon_element-background-color-grey\" ><span class=\"vc_icon_element-icon rv_icon icon-pulverizacion\" ><\/span><\/div><\/div>\n\t<div class=\"wpb_text_column wpb_content_element  text-center\" >\n\t\t<div class=\"wpb_wrapper\">\n\t\t\t<h4>Uitlizaci\u00f3n de p\u00e9rtiga<\/h4>\n<p>Utilizamos este m\u00e9todo para tratar los pinos m\u00e1s altos, ya que la pistola no puede abarcar la totalidad del mismo. La herramienta de la p\u00e9rtiga nos permite alcanzar las ramas m\u00e1s altas y las copas de los pinos, repartiendo el producto uniformemente por todo el ejemplar.<\/p>\n\n\t\t<\/div>\n\t<\/div>\n<\/div><\/div><\/div><\/div><div class=\"vc_row wpb_row vc_inner vc_row-fluid vc_row-o-equal-height vc_row-o-content-middle vc_row-flex\"><div class=\"wpb_column vc_column_container vc_col-sm-6\"><div class=\"vc_column-inner vc_custom_1588593982327\"><div class=\"wpb_wrapper\"><div class=\"vc_icon_element vc_icon_element-outer vc_custom_1639828657042 vc_do_icon vc_icon_element-align-center vc_icon_element-have-style\"><div class=\"vc_icon_element-inner vc_icon_element-color-rv-c_secondary vc_icon_element-have-style-inner vc_icon_element-size-xl vc_icon_element-style-rounded vc_icon_element-background vc_icon_element-background-color-grey\" ><span class=\"vc_icon_element-icon rv_icon icon-herramienta13\" ><\/span><\/div><\/div>\n\t<div class=\"wpb_text_column wpb_content_element  text-center\" >\n\t\t<div class=\"wpb_wrapper\">\n\t\t\t<h4>Inyecciones o endoterapia<\/h4>\n<p>Al contrario de los m\u00e9todos anteriores, esta t\u00e9cnica se basa en la aplicaci\u00f3n directa del producto en el interior del pino.<\/p>\n<p>Para ello, se realiza una peque\u00f1a perforaci\u00f3n en el tronco del ejemplar por el cual se inyecta una cantidad determinada de producto fitosanitario, que act\u00faa contra la plaga desde su interior.<\/p>\n\n\t\t<\/div>\n\t<\/div>\n<\/div><\/div><\/div><div class=\"wpb_column vc_column_container vc_col-sm-6 vc_col-lg-offset-0 vc_col-md-offset-0 vc_col-sm-offset-0 vc_col-has-fill\"><div class=\"vc_column-inner vc_custom_1588593969519\"><div class=\"wpb_wrapper\">\n\t<div  class=\"wpb_single_image wpb_content_element vc_align_center  vc_custom_1688081831351\">\n\t\t\n\t\t<figure class=\"wpb_wrapper vc_figure\">\n\t\t\t<div class=\"vc_single_image-wrapper   vc_box_border_grey\"><img loading=\"lazy\" decoding=\"async\" width=\"600\" height=\"405\" src=\"https:\/\/staging.raizverde.com\/wp-content\/uploads\/2020\/05\/tratamiento-procesionaria-castellon.jpg\" class=\"vc_single_image-img attachment-large\" alt=\"Tratamiento procesionaria Castell\u00f3n\" title=\"Tratamiento procesionaria Castell\u00f3n\" srcset=\"https:\/\/staging.raizverde.com\/wp-content\/uploads\/2020\/05\/tratamiento-procesionaria-castellon.jpg 600w, https:\/\/staging.raizverde.com\/wp-content\/uploads\/2020\/05\/tratamiento-procesionaria-castellon-300x203.jpg 300w\" sizes=\"auto, (max-width: 600px) 100vw, 600px\"  data-dt-location=\"https:\/\/staging.raizverde.com\/en\/servicios\/tratamiento-procesionaria\/tratamiento-procesionaria-castellon\/\" \/><\/div>\n\t\t<\/figure>\n\t<\/div>\n<\/div><\/div><\/div><\/div><\/div><\/div><\/div><\/div><div class=\"vc_row wpb_row vc_row-fluid vc_custom_1588592171963\"><div class=\"wpb_column vc_column_container vc_col-sm-12\"><div class=\"vc_column-inner\"><div class=\"wpb_wrapper\">\n\t<div class=\"wpb_text_column wpb_content_element  vc_custom_1678710073667\" >\n\t\t<div class=\"wpb_wrapper\">\n\t\t\t<p>En el Tratamiento procesionaria en pinos con una altura superior a 15 metros, los m\u00e9todos de pulverizaci\u00f3n anteriormente mencionados no permitir\u00e1n alcanzar la totalidad del ejemplar. En estos casos, en Ra\u00edz Verde utilizamos un cami\u00f3n cesta o una plataforma elevadora para poder alcanzar la altura necesaria y llevar a cabo la fumigaci\u00f3n de manera correcta y eficiente.<\/p>\n<p>Antes de realizar cualquier trabajo de poda o tala, es importante eliminar las plagas antes de realizar otros trabajos como una <a title=\"poda de altura\" href=\"https:\/\/www.raizverde.com\/servicios\/poda-en-altura\/\" target=\"_blank\" rel=\"noopener\">poda en altura<\/a>, y para as\u00ed evitar otras infecciones en el jard\u00edn y cuidar de la salud de personas, trabajadores y animales.<\/p>\n<p><strong>Si observas nidos de procesionaria en tus pinos, no dudes en llamarnos. Tambi\u00e9n ofrecemos el servicio de su tala y retirada.<\/strong><\/p>\n\n\t\t<\/div>\n\t<\/div>\n<\/div><\/div><\/div><\/div><div class=\"vc_row wpb_row vc_row-fluid vc_custom_1621347794228\"><div class=\"wpb_column vc_column_container vc_col-sm-2\"><div class=\"vc_column-inner\"><div class=\"wpb_wrapper\"><\/div><\/div><\/div><div class=\"wpb_column vc_column_container vc_col-sm-8\"><div class=\"vc_column-inner\"><div class=\"wpb_wrapper\">\n\t<div class=\"wpb_text_column wpb_content_element  text-center\" >\n\t\t<div class=\"wpb_wrapper\">\n\t\t\t<blockquote>\n<h3>Consejos de jardiner\u00eda:<\/h3>\n<p>Asegura una buena drenaje: Evita que el agua se estanque y cause enfermedades en las plantas asegurando un buen drenaje del suelo.\n<\/p><\/blockquote>\n\n\t\t<\/div>\n\t<\/div>\n<\/div><\/div><\/div><div class=\"wpb_column vc_column_container vc_col-sm-2\"><div class=\"vc_column-inner\"><div class=\"wpb_wrapper\"><\/div><\/div><\/div><\/div>\n<\/div>","protected":false},"excerpt":{"rendered":"<p>Tratamiento procesionaria En Ra\u00edz Verde somos expertos en el tratamiento de la procesionaria y ofrecemos servicios especializados en Alicante, Murcia, Valencia y Castell\u00f3n. Nuestro equipo cuenta con las herramientas y productos necesarios para mantener sus pinos libres de la molesta procesionaria. Entendemos la importancia de la prevenci\u00f3n y utilizamos fumigaciones en el momento adecuado para&hellip;<\/p>","protected":false},"author":1,"featured_media":2843,"parent":1434,"menu_order":0,"comment_status":"closed","ping_status":"closed","template":"","meta":{"give_campaign_id":0,"inline_featured_image":false,"footnotes":""},"class_list":["post-2796","page","type-page","status-publish","has-post-thumbnail","hentry","description-off"],"campaignId":"","_links":{"self":[{"href":"https:\/\/staging.raizverde.com\/en\/wp-json\/wp\/v2\/pages\/2796","targetHints":{"allow":["GET"]}}],"collection":[{"href":"https:\/\/staging.raizverde.com\/en\/wp-json\/wp\/v2\/pages"}],"about":[{"href":"https:\/\/staging.raizverde.com\/en\/wp-json\/wp\/v2\/types\/page"}],"author":[{"embeddable":true,"href":"https:\/\/staging.raizverde.com\/en\/wp-json\/wp\/v2\/users\/1"}],"replies":[{"embeddable":true,"href":"https:\/\/staging.raizverde.com\/en\/wp-json\/wp\/v2\/comments?post=2796"}],"version-history":[{"count":3,"href":"https:\/\/staging.raizverde.com\/en\/wp-json\/wp\/v2\/pages\/2796\/revisions"}],"predecessor-version":[{"id":6440,"href":"https:\/\/staging.raizverde.com\/en\/wp-json\/wp\/v2\/pages\/2796\/revisions\/6440"}],"up":[{"embeddable":true,"href":"https:\/\/staging.raizverde.com\/en\/wp-json\/wp\/v2\/pages\/1434"}],"wp:featuredmedia":[{"embeddable":true,"href":"https:\/\/staging.raizverde.com\/en\/wp-json\/wp\/v2\/media\/2843"}],"wp:attachment":[{"href":"https:\/\/staging.raizverde.com\/en\/wp-json\/wp\/v2\/media?parent=2796"}],"curies":[{"name":"wp","href":"https:\/\/api.w.org\/{rel}","templated":true}]}}