{"id":2677,"date":"2020-05-07T15:45:40","date_gmt":"2020-05-07T13:45:40","guid":{"rendered":"https:\/\/www.raizverde.com\/?page_id=2677"},"modified":"2024-01-18T18:50:43","modified_gmt":"2024-01-18T17:50:43","slug":"tala-de-palmeras","status":"publish","type":"page","link":"https:\/\/staging.raizverde.com\/en\/servicios\/tala-de-palmeras\/","title":{"rendered":"Felling of palm trees"},"content":{"rendered":"<div class=\"wpb-content-wrapper\"><div class=\"vc_row wpb_row vc_row-fluid vc_custom_1588356209427\"><div class=\"wpb_column vc_column_container vc_col-sm-12\"><div class=\"vc_column-inner\"><div class=\"wpb_wrapper\">\n\t<div class=\"wpb_text_column wpb_content_element  center heading color-dark text-center\" >\n\t\t<div class=\"wpb_wrapper\">\n\t\t\t<h2 class=\"heading-color fs-38\">Felling of palm trees<\/h2>\n<p>Presentamos <strong>TALA DE PALMERAS<\/strong>, el primer servicio de tala de palmeras en Alicante, Murcia, Valencia y Castell\u00f3n. Tenemos los conocimientos, la experiencia y el equipo para hacer el trabajo bien hecho. Nuestro personal est\u00e1 especialmente formado para manejar todo tipo de retirada de palmeras, desde \u00e1rboles individuales hasta proyectos a gran escala. Garantizamos la satisfacci\u00f3n con nuestro servicio superior y mano de obra de calidad. \u00a1No espere m\u00e1s para conseguir su tala de palmeras necesidades atendidas &#8211; en contacto con TALA DE PALMERAS hoy!<\/p>\n\n\t\t<\/div>\n\t<\/div>\n<\/div><\/div><\/div><\/div><div class=\"vc_row wpb_row vc_row-fluid vc_custom_1698423031596\"><div class=\"wpb_column vc_column_container vc_col-sm-12\"><div class=\"vc_column-inner\"><div class=\"wpb_wrapper\"><div class=\"vc_separator wpb_content_element vc_separator_align_center vc_sep_width_100 vc_sep_pos_align_center vc_sep_color_green wpb_content_element vc_separator-has-text\" ><span class=\"vc_sep_holder vc_sep_holder_l\"><span class=\"vc_sep_line\"><\/span><\/span><h4>Felling of palm trees<\/h4><span class=\"vc_sep_holder vc_sep_holder_r\"><span class=\"vc_sep_line\"><\/span><\/span>\n<\/div><\/div><\/div><\/div><\/div><div class=\"vc_row wpb_row vc_row-fluid vc_custom_1588356209427\"><div class=\"wpb_column vc_column_container vc_col-sm-12\"><div class=\"vc_column-inner\"><div class=\"wpb_wrapper\">\n\t<div class=\"wpb_text_column wpb_content_element  vc_custom_1678709833421\" >\n\t\t<div class=\"wpb_wrapper\">\n\t\t\t<p>En Ra\u00edz Verde somos especialistas en la tala o corte de cualquier palmera, sin importar sus dimensiones o la dificultad de la operaci\u00f3n. Son varios los motivos por los cuales se decide talar o cortar palmeras y es fundamental que este trabajo sea realizado por expertos, para no poner en peligro a los operarios o las infraestructuras cercanas.<\/p>\n<p>Una vez efectuada la tala de palmeras pertinente, procederemos a la <a href=\"https:\/\/www.raizverde.com\/servicios\/recogida-de-podas\/\" target=\"_blank\" rel=\"noopener\">recogida de podas<\/a> para su correcto procesamiento, siendo responsables con el medioambiente. Desde Ra\u00edz Verde tambi\u00e9n ofrecemos el servicio de <a title=\"Sale of palm trees\" href=\"https:\/\/www.raizverde.com\/servicios\/venta-de-palmeras\/\" target=\"_blank\" rel=\"noopener\">venta de palmeras<\/a>, criadas en nuestros viveros, para reemplazar ejemplares en su jard\u00edn o ampliar el paisaje.<\/p>\n\n\t\t<\/div>\n\t<\/div>\n<\/div><\/div><\/div><\/div><div data-vc-full-width=\"true\" data-vc-full-width-temp=\"true\" data-vc-full-width-init=\"false\" data-vc-parallax=\"1.5\" class=\"vc_row wpb_row vc_row-fluid contact-wrapper vc_custom_1687977805289 vc_row-has-fill vc_general vc_parallax vc_parallax-content-moving\"><div class=\"white text-center wpb_column vc_column_container vc_col-sm-12\"><div class=\"vc_column-inner vc_custom_1594665541929\"><div class=\"wpb_wrapper\">\n\t<div class=\"wpb_text_column wpb_content_element  white\" >\n\t\t<div class=\"wpb_wrapper\">\n\t\t\t<p>Para consultas relacionadas con la tala de palmeras, no dude en contactarnos. Nos alegrar\u00e1 mucho poder asistirle.<\/p>\n<p>En Ra\u00edz verde estamos siempre disponibles para atender cualquier consulta o emergencia, incluso en fin de semana o festivos.<\/p>\n\n\t\t<\/div>\n\t<\/div>\n<div class=\"vc_row wpb_row vc_inner vc_row-fluid\"><div class=\"wpb_column vc_column_container vc_col-sm-1\/5\"><div class=\"vc_column-inner\"><div class=\"wpb_wrapper\"><\/div><\/div><\/div><div class=\"wpb_column vc_column_container vc_col-sm-1\/5\"><div class=\"vc_column-inner\"><div class=\"wpb_wrapper\">\n\t<div class=\"wpb_text_column wpb_content_element  wpb_animate_when_almost_visible wpb_fadeInLeft fadeInLeft vc_custom_1687978170496 text-center text-md-right\" >\n\t\t<div class=\"wpb_wrapper\">\n\t\t\t<p><a class=\"button\" href=\"https:\/\/www.raizverde.com\/contacto\/\" target=\"_self\" rel=\"noopener\">Enviar correo<\/a><\/p>\n\n\t\t<\/div>\n\t<\/div>\n<\/div><\/div><\/div><div class=\"wpb_column vc_column_container vc_col-sm-1\/5\"><div class=\"vc_column-inner\"><div class=\"wpb_wrapper\">\n\t<div class=\"wpb_text_column wpb_content_element  wpb_animate_when_almost_visible wpb_fadeInUp fadeInUp vc_custom_1687978164696 text-center\" >\n\t\t<div class=\"wpb_wrapper\">\n\t\t\t<p><a class=\"button call-conversion\" href=\"tel:644368939\">Llamar<\/a><\/p>\n\n\t\t<\/div>\n\t<\/div>\n<\/div><\/div><\/div><div class=\"wpb_column vc_column_container vc_col-sm-1\/5\"><div class=\"vc_column-inner\"><div class=\"wpb_wrapper\">\n\t<div class=\"wpb_text_column wpb_content_element  wpb_animate_when_almost_visible wpb_fadeInRight fadeInRight vc_custom_1687978176735 text-center text-md-left\" >\n\t\t<div class=\"wpb_wrapper\">\n\t\t\t<p><a class=\"button whatsapp-conversion\" href=\"\/\/api.whatsapp.com\/send?phone=+34644368939\" target=\"_blank\" rel=\"noopener\">Enviar mensaje (Whatsapp)<\/a><\/p>\n\n\t\t<\/div>\n\t<\/div>\n<\/div><\/div><\/div><div class=\"wpb_column vc_column_container vc_col-sm-1\/5\"><div class=\"vc_column-inner\"><div class=\"wpb_wrapper\"><\/div><\/div><\/div><\/div><\/div><\/div><\/div><\/div><div class=\"vc_row-full-width vc_clearfix\"><\/div><div class=\"vc_row wpb_row vc_row-fluid vc_custom_1698423031596\"><div class=\"wpb_column vc_column_container vc_col-sm-12\"><div class=\"vc_column-inner\"><div class=\"wpb_wrapper\"><div class=\"vc_separator wpb_content_element vc_separator_align_center vc_sep_width_100 vc_sep_pos_align_center vc_sep_color_green wpb_content_element vc_separator-has-text\" ><span class=\"vc_sep_holder vc_sep_holder_l\"><span class=\"vc_sep_line\"><\/span><\/span><h4>Felling of palm trees<\/h4><span class=\"vc_sep_holder vc_sep_holder_r\"><span class=\"vc_sep_line\"><\/span><\/span>\n<\/div><\/div><\/div><\/div><\/div><div class=\"vc_row wpb_row vc_row-fluid h3-center-400 vc_custom_1588082841816\"><div class=\"wpb_column vc_column_container vc_col-sm-12\"><div class=\"vc_column-inner vc_custom_1587553355902\"><div class=\"wpb_wrapper\">\n\t<div class=\"wpb_text_column wpb_content_element  vc_custom_1588939331888 rv-c_primary line-after text-center\" >\n\t\t<div class=\"wpb_wrapper\">\n\t\t\t<h3>\u00bfCUANDO DEBEMOS <em><strong>TALAR NUESTRA PALMERA<\/strong><\/em>?<\/h3>\n\n\t\t<\/div>\n\t<\/div>\n\n\t<div class=\"wpb_text_column wpb_content_element\" >\n\t\t<div class=\"wpb_wrapper\">\n\t\t\t<p>Sugerimos que la decisi\u00f3n de la <strong>tala de palmeras<\/strong> se tome con el asesoramiento de un profesional en la materia, un servicio con el que contamos en Ra\u00edz Verde. Antes de talar, se deben tener en cuenta los riesgos y el contexto en el que se encuentra el ejemplar. En algunas ocasiones, los clientes solicitan la poda porque una o varias palmeras presentan un riesgo para el terreno, las construcciones o las personas.<\/p>\n<p>Sobre todo en estos casos, la opini\u00f3n de un profesional es indispensable, ya que evaluar\u00e1 la existencia de peligro, su gravedad y la mejor forma de solucionarlo. A continuaci\u00f3n le contamos cu\u00e1les son las principales razones por las cuales solicitar la tala de palmeras:<\/p>\n\n\t\t<\/div>\n\t<\/div>\n<div class=\"vc_row wpb_row vc_inner vc_row-fluid vc_custom_1588349802928 vc_row-o-equal-height vc_row-o-content-middle vc_row-flex\"><div class=\"wpb_column vc_column_container vc_col-sm-8\"><div class=\"vc_column-inner\"><div class=\"wpb_wrapper\"><div class=\"uavc-list-icon uavc-list-icon-wrapper ult-adjust-bottom-margin\"><ul class=\"uavc-list\"><li><div class=\"uavc-list-content\" id=\"list-icon-wrap-5643\">\n<div class=\"uavc-list-icon\" data-animation=\"\" data-animation-delay=\"03\" style=\"margin-right:15px;\"><div class=\"ult-just-icon-wrapper\"><div class=\"align-icon\" style=\"text-align:center;\">\n<div class=\"aio-icon square\"  style=\"color:#ffffff;background:#75b325;font-size:30px;display:inline-block;\">\n\t<i class=\"icomoon-the7-font-the7-arrow-07\"><\/i>\n<\/div><\/div><\/div>\n<\/div><span  data-ultimate-target='#list-icon-wrap-5643 .uavc-list-desc'  data-responsive-json-new='{\"font-size\":\"\",\"line-height\":\"\"}'  class=\"uavc-list-desc ult-responsive\" style=\"\"><\/p>\n<h3>ALTO RIESGO DE CA\u00cdDA<\/h3>\n<p><span class=\"service-desc\">Hay muchas palmeras que con el paso de los a\u00f1os comienzan a deteriorarse, presentando heridas en sus troncos. En estos casos, recomendamos que dicha palmera sea revisada por uno de nuestros especialistas para que pueda valorar la peligrosidad del ejemplar. Dicho especialista recomendar\u00e1 su tala en el caso de que la probabilidad de ca\u00edda sea alta.<\/span><\/p>\n<p><span class=\"service-desc\">Si no se procede con ello, esta palmera podr\u00eda caer en un futuro de forma natural por el viento. Esto representar\u00eda una ca\u00edda imprevista y descontrolada, pudiendo causar diversos da\u00f1os materiales y personales.<\/span><\/span><\/div><\/li><li><div class=\"uavc-list-content\" id=\"list-icon-wrap-6547\">\n<div class=\"uavc-list-icon\" data-animation=\"\" data-animation-delay=\"03\" style=\"margin-right:15px;\"><div class=\"ult-just-icon-wrapper\"><div class=\"align-icon\" style=\"text-align:center;\">\n<div class=\"aio-icon square\"  style=\"color:#ffffff;background:#75b325;font-size:30px;display:inline-block;\">\n\t<i class=\"icomoon-the7-font-the7-arrow-07\"><\/i>\n<\/div><\/div><\/div>\n<\/div><span  data-ultimate-target='#list-icon-wrap-6547 .uavc-list-desc'  data-responsive-json-new='{\"font-size\":\"\",\"line-height\":\"\"}'  class=\"uavc-list-desc ult-responsive\" style=\"\"><\/p>\n<h3>INFECCI\u00d3N POR PICUDO ROJO<\/h3>\n<p><span class=\"service-desc\">Una plaga que causa un sinf\u00edn de da\u00f1os en las palmeras. Cuando el picudo rojo ha generado da\u00f1os que afectan la estabilidad de la palmera se debe proceder a su tala, ya que aumenta enormemente el riesgo de ca\u00edda.<\/span><\/p>\n<p>Tambi\u00e9n es posible que el picudo rojo haya atacado la parte superior de la palmera, la valona, acabando con la yema del ejemplar. Como consecuencia, la palmera ya no puede recuperarse y se debe proceder a su tala para evitar ca\u00eddas y la propagaci\u00f3n de la plaga.<\/p>\n<p>Otro de los casos en los que es necesaria la tala de palmeras es cuando estos ejemplares est\u00e1n abandonados y totalmente devastados por el picudo rojo. En estos casos, lo \u00fanico que se puede hacer para limpiar esa zona o parcela es talar todas las palmeras que se encuentren altamente afectadas y llevar sus restos a un vertedero autorizado.<\/span><\/div><\/li><li><div class=\"uavc-list-content\" id=\"list-icon-wrap-2486\">\n<div class=\"uavc-list-icon\" data-animation=\"\" data-animation-delay=\"03\" style=\"margin-right:15px;\"><div class=\"ult-just-icon-wrapper\"><div class=\"align-icon\" style=\"text-align:center;\">\n<div class=\"aio-icon square\"  style=\"color:#ffffff;background:#75b325;font-size:30px;display:inline-block;\">\n\t<i class=\"icomoon-the7-font-the7-arrow-07\"><\/i>\n<\/div><\/div><\/div>\n<\/div><span  data-ultimate-target='#list-icon-wrap-2486 .uavc-list-desc'  data-responsive-json-new='{\"font-size\":\"\",\"line-height\":\"\"}'  class=\"uavc-list-desc ult-responsive\" style=\"\"><\/p>\n<h3>CONSTRUCCIONES O EDIFICACIONES<\/h3>\n<p><span class=\"service-desc\">Cuando se planea realizar una construcci\u00f3n en un lugar donde hay palmeras, en algunas ocasiones es necesaria la tala para poder llevar a cabo la edificaci\u00f3n. Sin embargo, es necesario saber que en algunas localidades espa\u00f1olas esta es una pr\u00e1ctica ilegal.<\/span><\/p>\n<p>En Elche y Orihuela, por ejemplo, las palmeras son consideradas Patrimonio de la Humanidad y se las debe integrar a las nuevas construcciones.<\/span><\/div><\/li><\/ul><\/div><\/div><\/div><\/div><div class=\"wpb_column vc_column_container vc_col-sm-4\"><div class=\"vc_column-inner\"><div class=\"wpb_wrapper\">\n\t<div  class=\"wpb_single_image wpb_content_element vc_align_center  vc_custom_1588356865907\">\n\t\t\n\t\t<figure class=\"wpb_wrapper vc_figure\">\n\t\t\t<div class=\"vc_single_image-wrapper vc_box_shadow_3d  vc_box_border_grey\"><img loading=\"lazy\" decoding=\"async\" width=\"370\" height=\"555\" src=\"https:\/\/staging.raizverde.com\/wp-content\/uploads\/2020\/05\/tala-de-palmeras-1.jpg\" class=\"vc_single_image-img attachment-large\" alt=\"Tala de Palmeras en Murcia, Alicante, Valencia y Castell\u00f3n\" title=\"Tala de Palmeras en Murcia, Alicante, Valencia y Castell\u00f3n\" srcset=\"https:\/\/staging.raizverde.com\/wp-content\/uploads\/2020\/05\/tala-de-palmeras-1.jpg 370w, https:\/\/staging.raizverde.com\/wp-content\/uploads\/2020\/05\/tala-de-palmeras-1-200x300.jpg 200w\" sizes=\"auto, (max-width: 370px) 100vw, 370px\"  data-dt-location=\"https:\/\/staging.raizverde.com\/en\/servicios\/tala-de-palmeras\/tala-de-palmeras-2\/\" \/><\/div>\n\t\t<\/figure>\n\t<\/div>\n<\/div><\/div><\/div><\/div><\/div><\/div><\/div><\/div><div data-vc-full-width=\"true\" data-vc-full-width-temp=\"true\" data-vc-full-width-init=\"false\" data-vc-parallax=\"1.5\" class=\"vc_row wpb_row vc_row-fluid contact-wrapper vc_custom_1687977805289 vc_row-has-fill vc_general vc_parallax vc_parallax-content-moving\"><div class=\"white text-center wpb_column vc_column_container vc_col-sm-2\"><div class=\"vc_column-inner vc_custom_1594665541929\"><div class=\"wpb_wrapper\"><\/div><\/div><\/div><div class=\"wpb_column vc_column_container vc_col-sm-8\"><div class=\"vc_column-inner\"><div class=\"wpb_wrapper\">\n\t<div class=\"wpb_text_column wpb_content_element  white\" >\n\t\t<div class=\"wpb_wrapper\">\n\t\t\t<p><span class=\"contact-label\">Para estos trabajos es primordial contar con un buen equipo de herramientas y de profesionales que sean capaces de utilizarlas con seguridad y profesionalidad.<\/span><\/p>\n\n\t\t<\/div>\n\t<\/div>\n<\/div><\/div><\/div><div class=\"wpb_column vc_column_container vc_col-sm-2\"><div class=\"vc_column-inner\"><div class=\"wpb_wrapper\"><\/div><\/div><\/div><\/div><div class=\"vc_row-full-width vc_clearfix\"><\/div><div class=\"vc_row wpb_row vc_row-fluid vc_custom_1621347794228\"><div class=\"wpb_column vc_column_container vc_col-sm-2\"><div class=\"vc_column-inner\"><div class=\"wpb_wrapper\"><\/div><\/div><\/div><div class=\"wpb_column vc_column_container vc_col-sm-8\"><div class=\"vc_column-inner\"><div class=\"wpb_wrapper\">\n\t<div class=\"wpb_text_column wpb_content_element  text-center\" >\n\t\t<div class=\"wpb_wrapper\">\n\t\t\t<blockquote>\n<h3>Consejos de jardiner\u00eda:<\/h3>\n<p>Planifica tu jard\u00edn: Dise\u00f1a un plano del jard\u00edn que tenga en cuenta la exposici\u00f3n al sol, el espacio, las necesidades de las plantas y la est\u00e9tica.\n<\/p><\/blockquote>\n\n\t\t<\/div>\n\t<\/div>\n<\/div><\/div><\/div><div class=\"wpb_column vc_column_container vc_col-sm-2\"><div class=\"vc_column-inner\"><div class=\"wpb_wrapper\"><\/div><\/div><\/div><\/div><div class=\"vc_row wpb_row vc_row-fluid vc_custom_1621347794228\"><div class=\"wpb_column vc_column_container vc_col-sm-2\"><div class=\"vc_column-inner\"><div class=\"wpb_wrapper\"><\/div><\/div><\/div><div class=\"wpb_column vc_column_container vc_col-sm-8\"><div class=\"vc_column-inner\"><div class=\"wpb_wrapper\">\n\t<div class=\"wpb_text_column wpb_content_element  text-center\" >\n\t\t<div class=\"wpb_wrapper\">\n\t\t\t<p>\u00bfBusca una empresa que pueda talar sus palmeras de forma segura y profesional? No busque m\u00e1s, \u00a1Ra\u00edz Verde! Nuestro equipo de expertos tiene a\u00f1os de experiencia en la tala de cualquier tama\u00f1o y tipo de palmera, y nos aseguramos de recoger todos los restos de poda para su correcto tratamiento. Adem\u00e1s de nuestros servicios de tala, tambi\u00e9n ofrecemos la opci\u00f3n de comprar palmeras cultivadas en nuestro vivero. As\u00ed que si necesita una empresa que tale sus palmeras, \u00a1no busque m\u00e1s que Ra\u00edz Verde!<\/p>\n\n\t\t<\/div>\n\t<\/div>\n<\/div><\/div><\/div><div class=\"wpb_column vc_column_container vc_col-sm-2\"><div class=\"vc_column-inner\"><div class=\"wpb_wrapper\"><\/div><\/div><\/div><\/div><div class=\"vc_row wpb_row vc_row-fluid vc_custom_1688072734813\"><div class=\"wpb_column vc_column_container vc_col-sm-12\"><div class=\"vc_column-inner\"><div class=\"wpb_wrapper\"><div class=\"vc_separator wpb_content_element vc_separator_align_center vc_sep_width_100 vc_sep_pos_align_center vc_sep_color_green wpb_content_element vc_separator-has-text\" ><span class=\"vc_sep_holder vc_sep_holder_l\"><span class=\"vc_sep_line\"><\/span><\/span><h4>Felling of palm trees<\/h4><span class=\"vc_sep_holder vc_sep_holder_r\"><span class=\"vc_sep_line\"><\/span><\/span>\n<\/div><\/div><\/div><\/div><\/div><div class=\"vc_row wpb_row vc_row-fluid h3-center-400 vc_custom_1588082841816\"><div class=\"wpb_column vc_column_container vc_col-sm-12\"><div class=\"vc_column-inner vc_custom_1587553355902\"><div class=\"wpb_wrapper\">\n\t<div class=\"wpb_text_column wpb_content_element  vc_custom_1590769174441 rv-c_primary line-after text-center\" >\n\t\t<div class=\"wpb_wrapper\">\n\t\t\t<h3>M\u00e9todos para efectuar la tala de palmeras<\/h3>\n\n\t\t<\/div>\n\t<\/div>\n<div class=\"vc_row wpb_row vc_inner vc_row-fluid vc_custom_1588349802928 vc_row-o-equal-height vc_row-o-content-middle vc_row-flex\"><div class=\"wpb_column vc_column_container vc_col-sm-4\"><div class=\"vc_column-inner\"><div class=\"wpb_wrapper\">\n\t<div  class=\"wpb_single_image wpb_content_element vc_align_center  vc_custom_1588356885136\">\n\t\t\n\t\t<figure class=\"wpb_wrapper vc_figure\">\n\t\t\t<div class=\"vc_single_image-wrapper vc_box_shadow_3d  vc_box_border_grey\"><img loading=\"lazy\" decoding=\"async\" width=\"370\" height=\"278\" src=\"https:\/\/staging.raizverde.com\/wp-content\/uploads\/2020\/05\/tala-de-palmeras-alicante.jpg\" class=\"vc_single_image-img attachment-large\" alt=\"Tala de Palmeras en Murcia, Alicante, Valencia y Castell\u00f3n\" title=\"Tala de Palmeras en Murcia, Alicante, Valencia y Castell\u00f3n\" srcset=\"https:\/\/staging.raizverde.com\/wp-content\/uploads\/2020\/05\/tala-de-palmeras-alicante.jpg 370w, https:\/\/staging.raizverde.com\/wp-content\/uploads\/2020\/05\/tala-de-palmeras-alicante-300x225.jpg 300w\" sizes=\"auto, (max-width: 370px) 100vw, 370px\"  data-dt-location=\"https:\/\/staging.raizverde.com\/en\/servicios\/tala-de-palmeras\/tala-de-palmeras-alicante\/\" \/><\/div>\n\t\t<\/figure>\n\t<\/div>\n<\/div><\/div><\/div><div class=\"wpb_column vc_column_container vc_col-sm-8\"><div class=\"vc_column-inner\"><div class=\"wpb_wrapper\"><div class=\"uavc-list-icon uavc-list-icon-wrapper ult-adjust-bottom-margin\"><ul class=\"uavc-list\"><li><div class=\"uavc-list-content\" id=\"list-icon-wrap-1317\">\n<div class=\"uavc-list-icon\" data-animation=\"\" data-animation-delay=\"03\" style=\"margin-right:15px;\"><div class=\"ult-just-icon-wrapper\"><div class=\"align-icon\" style=\"text-align:center;\">\n<div class=\"aio-icon square\"  style=\"color:#ffffff;background:#75b325;font-size:30px;display:inline-block;\">\n\t<i class=\"icomoon-the7-font-the7-arrow-07\"><\/i>\n<\/div><\/div><\/div>\n<\/div><span  data-ultimate-target='#list-icon-wrap-1317 .uavc-list-desc'  data-responsive-json-new='{\"font-size\":\"\",\"line-height\":\"\"}'  class=\"uavc-list-desc ult-responsive\" style=\"\"><\/p>\n<h3>ABATIMIENTO DIRECTO<\/h3>\n<p>Se opta por este m\u00e9todo cuando hay espacio suficiente para que la palmera caiga \u00edntegra al suelo. Este movimiento es totalmente controlado por los operarios, garantizando as\u00ed una ca\u00edda limpia y que no ocasione ning\u00fan tipo de da\u00f1o.<\/span><\/div><\/li><li><div class=\"uavc-list-content\" id=\"list-icon-wrap-4077\">\n<div class=\"uavc-list-icon\" data-animation=\"\" data-animation-delay=\"03\" style=\"margin-right:15px;\"><div class=\"ult-just-icon-wrapper\"><div class=\"align-icon\" style=\"text-align:center;\">\n<div class=\"aio-icon square\"  style=\"color:#ffffff;background:#75b325;font-size:30px;display:inline-block;\">\n\t<i class=\"icomoon-the7-font-the7-arrow-07\"><\/i>\n<\/div><\/div><\/div>\n<\/div><span  data-ultimate-target='#list-icon-wrap-4077 .uavc-list-desc'  data-responsive-json-new='{\"font-size\":\"\",\"line-height\":\"\"}'  class=\"uavc-list-desc ult-responsive\" style=\"\"><\/p>\n<h3>TALA POR T\u00c9CNICA DE EMBRAGUE CON GR\u00daAS<\/h3>\n<p>Esta es la modalidad m\u00e1s elegida por un palmerero o talador de palmeras. En este m\u00e9todo de tala se trabaja en conjunto con una gr\u00faa, elegida en relaci\u00f3n a las dimensiones y peso de la palmera que queremos talar. Consiste en embragar y asegurar trozos grandes en la parte superior de la palmera, realizar un corte debajo de dicho agarre y bajar esa secci\u00f3n de tronco al suelo. Este movimiento se repite continuamente hasta tener todo el ejemplar desmontado.<\/p>\n<p>No obstante, en algunas ocasiones y si las capacidades de la gr\u00faa lo permiten, se puede cortar la palmera por completo con este m\u00e9todo. La gr\u00faa se encarga de dejarla caer poco a poco en el suelo sin causar ning\u00fan da\u00f1o y, una vez all\u00ed, se proceder\u00e1 a su desmonte de manera manual con motosierras.<\/span><\/div><\/li><\/ul><\/div><\/div><\/div><\/div><\/div><div class=\"vc_row wpb_row vc_inner vc_row-fluid vc_custom_1588356028289 vc_row-o-equal-height vc_row-o-content-middle vc_row-flex\"><div class=\"wpb_column vc_column_container vc_col-sm-8\"><div class=\"vc_column-inner\"><div class=\"wpb_wrapper\"><div class=\"uavc-list-icon uavc-list-icon-wrapper ult-adjust-bottom-margin\"><ul class=\"uavc-list\"><li><div class=\"uavc-list-content\" id=\"list-icon-wrap-4754\">\n<div class=\"uavc-list-icon\" data-animation=\"\" data-animation-delay=\"03\" style=\"margin-right:15px;\"><div class=\"ult-just-icon-wrapper\"><div class=\"align-icon\" style=\"text-align:center;\">\n<div class=\"aio-icon square\"  style=\"color:#ffffff;background:#75b325;font-size:30px;display:inline-block;\">\n\t<i class=\"icomoon-the7-font-the7-arrow-07\"><\/i>\n<\/div><\/div><\/div>\n<\/div><span  data-ultimate-target='#list-icon-wrap-4754 .uavc-list-desc'  data-responsive-json-new='{\"font-size\":\"\",\"line-height\":\"\"}'  class=\"uavc-list-desc ult-responsive\" style=\"\"><\/p>\n<h3>TALA CON CAMI\u00d3N CESTA O PLATAFORMA ELEVADORAS<\/h3>\n<p>Esta t\u00e9cnica consiste en acceder con la cesta a la parte superior de la palmera para proceder a su tala, troceando el ejemplar de arriba hacia abajo en trozos f\u00e1cilmente manipulables sin causar ning\u00fan riesgo.<\/p>\n<p>En estos casos es muy importante que la gr\u00faa sea de las dimensiones correctas para cada trabajo en concreto. En caso contrario, el operario puede verse obligado a realizar un corte de manera inc\u00f3moda y que no sea capaz de dirigirlo de una manera \u00f3ptima, elevando el riesgo de da\u00f1os.<\/span><\/div><\/li><li><div class=\"uavc-list-content\" id=\"list-icon-wrap-8936\">\n<div class=\"uavc-list-icon\" data-animation=\"\" data-animation-delay=\"03\" style=\"margin-right:15px;\"><div class=\"ult-just-icon-wrapper\"><div class=\"align-icon\" style=\"text-align:center;\">\n<div class=\"aio-icon square\"  style=\"color:#ffffff;background:#75b325;font-size:30px;display:inline-block;\">\n\t<i class=\"icomoon-the7-font-the7-arrow-07\"><\/i>\n<\/div><\/div><\/div>\n<\/div><span  data-ultimate-target='#list-icon-wrap-8936 .uavc-list-desc'  data-responsive-json-new='{\"font-size\":\"\",\"line-height\":\"\"}'  class=\"uavc-list-desc ult-responsive\" style=\"\"><\/p>\n<h3>TALA POR T\u00c9CNICA DE SUBIDA Y DESMONTE<\/h3>\n<p>Con este m\u00e9todo, el palmerero o talador de palmeras sube al ejemplar de manera tradicional, desde abajo hasta arriba. En esta subida, el operario ir\u00e1 retirando las ramas y una vez arriba, ir\u00e1 troceando el tronco de la palmera seg\u00fan vaya bajando, hasta finalizar su tala por completo.<\/span><\/div><\/li><\/ul><\/div><\/div><\/div><\/div><div class=\"wpb_column vc_column_container vc_col-sm-4\"><div class=\"vc_column-inner\"><div class=\"wpb_wrapper\">\n\t<div  class=\"wpb_single_image wpb_content_element vc_align_center  vc_custom_1588356906395\">\n\t\t\n\t\t<figure class=\"wpb_wrapper vc_figure\">\n\t\t\t<div class=\"vc_single_image-wrapper vc_box_shadow_3d  vc_box_border_grey\"><img loading=\"lazy\" decoding=\"async\" width=\"370\" height=\"278\" src=\"https:\/\/staging.raizverde.com\/wp-content\/uploads\/2020\/05\/tala-de-palmeras-murcia.jpg\" class=\"vc_single_image-img attachment-large\" alt=\"Tala de Palmeras en Murcia, Alicante, Valencia y Castell\u00f3n\" title=\"Tala de Palmeras en Murcia, Alicante, Valencia y Castell\u00f3n\" srcset=\"https:\/\/staging.raizverde.com\/wp-content\/uploads\/2020\/05\/tala-de-palmeras-murcia.jpg 370w, https:\/\/staging.raizverde.com\/wp-content\/uploads\/2020\/05\/tala-de-palmeras-murcia-300x225.jpg 300w\" sizes=\"auto, (max-width: 370px) 100vw, 370px\"  data-dt-location=\"https:\/\/staging.raizverde.com\/en\/servicios\/tala-de-palmeras\/tala-de-palmeras-murcia\/\" \/><\/div>\n\t\t<\/figure>\n\t<\/div>\n<\/div><\/div><\/div><\/div><div class=\"vc_row wpb_row vc_inner vc_row-fluid vc_custom_1588350236996\"><div class=\"wpb_column vc_column_container vc_col-sm-12\"><div class=\"vc_column-inner\"><div class=\"wpb_wrapper\">\n\t<div class=\"wpb_text_column wpb_content_element\" >\n\t\t<div class=\"wpb_wrapper\">\n\t\t\t<p><strong><em>Desde ra\u00edz verde fomentamos la replantaci\u00f3n, recomendando as\u00ed, que tras la tala de cualquier palmera por el motivo que sea, se proceda a plantar una palmera peque\u00f1a de maceta.<\/em><\/strong><\/p>\n\n\t\t<\/div>\n\t<\/div>\n<\/div><\/div><\/div><\/div><\/div><\/div><\/div><\/div><div data-vc-full-width=\"true\" data-vc-full-width-temp=\"true\" data-vc-full-width-init=\"false\" data-vc-parallax=\"1.5\" class=\"vc_row wpb_row vc_row-fluid contact-wrapper vc_custom_1687977805289 vc_row-has-fill vc_general vc_parallax vc_parallax-content-moving\"><div class=\"white text-center wpb_column vc_column_container vc_col-sm-2\"><div class=\"vc_column-inner vc_custom_1594665541929\"><div class=\"wpb_wrapper\"><\/div><\/div><\/div><div class=\"wpb_column vc_column_container vc_col-sm-8\"><div class=\"vc_column-inner\"><div class=\"wpb_wrapper\">\n\t<div class=\"wpb_text_column wpb_content_element  white\" >\n\t\t<div class=\"wpb_wrapper\">\n\t\t\t<p><span class=\"contact-label\">Descubre un v\u00eddeo de trasplante de palmeras washingtonias<\/span><\/p>\n\n\t\t<\/div>\n\t<\/div>\n<\/div><\/div><\/div><div class=\"wpb_column vc_column_container vc_col-sm-2\"><div class=\"vc_column-inner\"><div class=\"wpb_wrapper\"><\/div><\/div><\/div><\/div><div class=\"vc_row-full-width vc_clearfix\"><\/div><div class=\"vc_row wpb_row vc_row-fluid vc_custom_1588155041937\"><div class=\"wpb_column vc_column_container vc_col-sm-3\"><div class=\"vc_column-inner\"><div class=\"wpb_wrapper\"><\/div><\/div><\/div><div class=\"text-center wpb_column vc_column_container vc_col-sm-6\"><div class=\"vc_column-inner\"><div class=\"wpb_wrapper\">\n\t<div class=\"wpb_video_widget wpb_content_element vc_clearfix   vc_custom_1601994414528 vc_video-aspect-ratio-169 vc_video-el-width-100 vc_video-align-center\" >\n\t\t<div class=\"wpb_wrapper\">\n\t\t\t\n\t\t\t<div class=\"wpb_video_wrapper\"><iframe loading=\"lazy\" title=\"TRASPLANTE DE PALMERAS - \ud83c\udf34\" width=\"500\" height=\"281\" src=\"https:\/\/www.youtube.com\/embed\/S81ZKyykpoU?feature=oembed\" frameborder=\"0\" allow=\"accelerometer; autoplay; clipboard-write; encrypted-media; gyroscope; picture-in-picture; web-share\" allowfullscreen><\/iframe><\/div>\n\t\t<\/div>\n\t<\/div>\n<div class=\"vc_message_box vc_message_box-standard vc_message_box-rounded vc_color-info vc_custom_1639824118250\" ><div class=\"vc_message_box-icon\"><i class=\"fa fa-solid fa-circle-info\"><\/i><\/div><p>De la familia de las palmeras Arecaceae la palmera <a href=\"https:\/\/es.wikipedia.org\/wiki\/Washingtonia\" target=\"_blank\" rel=\"noopener\">Washingtonia<\/a> eoriginarias de la zona suroeste de Estados Unidos.<\/p>\n<\/div><\/div><\/div><\/div><div class=\"wpb_column vc_column_container vc_col-sm-3\"><div class=\"vc_column-inner\"><div class=\"wpb_wrapper\"><\/div><\/div><\/div><\/div>\n<\/div>","protected":false},"excerpt":{"rendered":"<p>Tala de palmeras Presentamos TALA DE PALMERAS, el primer servicio de tala de palmeras en Alicante, Murcia, Valencia y Castell\u00f3n. Tenemos los conocimientos, la experiencia y el equipo para hacer el trabajo bien hecho. Nuestro personal est\u00e1 especialmente formado para manejar todo tipo de retirada de palmeras, desde \u00e1rboles individuales hasta proyectos a gran escala.&hellip;<\/p>","protected":false},"author":1,"featured_media":2839,"parent":1434,"menu_order":0,"comment_status":"closed","ping_status":"closed","template":"","meta":{"give_campaign_id":0,"inline_featured_image":false,"footnotes":""},"class_list":["post-2677","page","type-page","status-publish","has-post-thumbnail","hentry","description-off"],"campaignId":"","_links":{"self":[{"href":"https:\/\/staging.raizverde.com\/en\/wp-json\/wp\/v2\/pages\/2677","targetHints":{"allow":["GET"]}}],"collection":[{"href":"https:\/\/staging.raizverde.com\/en\/wp-json\/wp\/v2\/pages"}],"about":[{"href":"https:\/\/staging.raizverde.com\/en\/wp-json\/wp\/v2\/types\/page"}],"author":[{"embeddable":true,"href":"https:\/\/staging.raizverde.com\/en\/wp-json\/wp\/v2\/users\/1"}],"replies":[{"embeddable":true,"href":"https:\/\/staging.raizverde.com\/en\/wp-json\/wp\/v2\/comments?post=2677"}],"version-history":[{"count":3,"href":"https:\/\/staging.raizverde.com\/en\/wp-json\/wp\/v2\/pages\/2677\/revisions"}],"predecessor-version":[{"id":5895,"href":"https:\/\/staging.raizverde.com\/en\/wp-json\/wp\/v2\/pages\/2677\/revisions\/5895"}],"up":[{"embeddable":true,"href":"https:\/\/staging.raizverde.com\/en\/wp-json\/wp\/v2\/pages\/1434"}],"wp:featuredmedia":[{"embeddable":true,"href":"https:\/\/staging.raizverde.com\/en\/wp-json\/wp\/v2\/media\/2839"}],"wp:attachment":[{"href":"https:\/\/staging.raizverde.com\/en\/wp-json\/wp\/v2\/media?parent=2677"}],"curies":[{"name":"wp","href":"https:\/\/api.w.org\/{rel}","templated":true}]}}