{"id":1434,"date":"2018-09-21T17:18:42","date_gmt":"2018-09-21T17:18:42","guid":{"rendered":"http:\/\/raizverde.com\/?page_id=1434"},"modified":"2026-02-11T18:50:33","modified_gmt":"2026-02-11T17:50:33","slug":"servicios","status":"publish","type":"page","link":"https:\/\/staging.raizverde.com\/en\/servicios\/","title":{"rendered":"Services"},"content":{"rendered":"<div class=\"wpb-content-wrapper\"><div class=\"vc_row wpb_row vc_row-fluid mg-bottom-60 vc_custom_1728470723250\"><div class=\"wpb_column vc_column_container vc_col-sm-12\"><div class=\"vc_column-inner\"><div class=\"wpb_wrapper\">\n\t<div class=\"wpb_text_column wpb_content_element  vc_custom_1769526189367 center heading color-dark text-center\" >\n\t\t<div class=\"wpb_wrapper\">\n\t\t\t<h2 class=\"heading-color fs-38\">Servicios profesionales de poda, tala y cuidado de \u00e1rboles y palmeras<\/h2>\n<p>At <strong data-start=\"284\" data-end=\"298\">Green Root<\/strong> ofrecemos una amplia gama de <strong data-start=\"328\" data-end=\"417\">servicios de poda en altura, tala de \u00e1rboles y palmeras y tratamientos fitosanitarios<\/strong>, trabajando con total seguridad y profesionalidad en <b>todo el \u00e1mbito nacional. <\/b>Nuestro equipo de especialistas se encarga de cada proyecto de forma personalizada, desde la planificaci\u00f3n hasta la ejecuci\u00f3n, garantizando resultados eficientes, duraderos y respetuosos con el medio ambiente.<\/p>\n\n\t\t<\/div>\n\t<\/div>\n\n<div class=\"vc_grid-container-wrapper vc_clearfix vc_grid-animation-fadeIn\">\n\t<div class=\"vc_grid-container vc_clearfix wpb_content_element vc_basic_grid\" data-initial-loading-animation=\"fadeIn\" data-vc-grid-settings=\"{&quot;page_id&quot;:1434,&quot;style&quot;:&quot;all&quot;,&quot;action&quot;:&quot;vc_get_vc_grid_data&quot;,&quot;shortcode_id&quot;:&quot;1770832141590-f82faeaf-10e7-10&quot;,&quot;tag&quot;:&quot;vc_basic_grid&quot;}\" data-vc-request=\"https:\/\/staging.raizverde.com\/wp-admin\/admin-ajax.php\" data-vc-post-id=\"1434\" data-vc-public-nonce=\"e56bc2615f\">\n\t\t<style data-type=\"vc_shortcodes-custom-css\">.vc_custom_1419240516480{background-color: #f9f9f9 !important;}.vc_custom_1687984996717{padding-top: 18px !important;padding-right: 15px !important;padding-bottom: 15px !important;padding-left: 15px !important;background-color: #f4f4f4 !important;}.vc_custom_1687985255226{margin-bottom: 0px !important;}<\/style><div class=\"vc_grid vc_row vc_grid-gutter-30px vc_pageable-wrapper vc_hook_hover\" data-vc-pageable-content=\"true\"><div class=\"vc_pageable-slide-wrapper vc_clearfix\" data-vc-grid-content=\"true\"><div class=\"vc_grid-item vc_clearfix vc_col-sm-4 vc_grid-item-zone-c-bottom\"><div class=\"vc_grid-item-mini vc_clearfix\"><div class=\"vc_gitem-animated-block\" ><div class=\"vc_gitem-zone vc_gitem-zone-a vc-gitem-zone-height-mode-auto vc-gitem-zone-height-mode-auto-4-3 vc_gitem-is-link\" style=\"background-image: url('https:\/\/staging.raizverde.com\/wp-content\/uploads\/2022\/01\/HOME-006-1024x683.jpg') !important;\"><a href=\"https:\/\/staging.raizverde.com\/en\/servicios\/poda-de-altura\/\" title=\"Height pruning\" class=\"vc_gitem-link vc-zone-link\" ><\/a><img decoding=\"async\" class=\"vc_gitem-zone-img\" src=\"https:\/\/staging.raizverde.com\/wp-content\/uploads\/2022\/01\/HOME-006-1024x683.jpg\" alt=\"Poda en Altura\" loading=\"lazy\"><div class=\"vc_gitem-zone-mini\"><\/div><\/div><\/div><div class=\"vc_gitem-zone vc_gitem-zone-c vc_custom_1419240516480\"><div class=\"vc_gitem-zone-mini\"><div class=\"vc_gitem_row vc_row vc_gitem-row-position-top\"><div class=\"vc_col-sm-12 vc_gitem-col vc_gitem-col-align- vc_custom_1687984996717\"><div class=\"vc_custom_heading vc_gitem-post-data vc_gitem-post-data-source-post_title\" ><h3 style=\"text-align: left\" ><a href=\"https:\/\/staging.raizverde.com\/en\/servicios\/poda-de-altura\/\" class=\"vc_gitem-link\" title=\"Height pruning\">Height pruning<\/a><\/h3><\/div><div class=\"vc_custom_heading vc_gitem-post-data vc_gitem-post-data-source-post_excerpt\" ><p style=\"text-align: left\" ><p>PODA EN ALTURA En Ra\u00edz Verde ofrecemos un servicio especializado de poda en altura en toda Espa\u00f1a, dirigido tanto a particulares como a empresas, comunidades y entidades p\u00fablicas. Realizamos trabajos de poda en \u00e1rboles y palmeras de gran tama\u00f1o mediante t\u00e9cnicas profesionales, seguras y respetuosas con la salud del ejemplar. Contamos con un equipo de&hellip;<\/p>\n<\/p><\/div><div class=\"vc_btn3-container vc_btn3-left vc_custom_1687985255226\"><a class=\"vc_general vc_btn3 vc_btn3-size-md vc_btn3-shape-rounded vc_btn3-style-flat vc_btn3-color-green\" a href=\"https:\/\/staging.raizverde.com\/en\/servicios\/poda-de-altura\/\" title=\"Leer m\u00e1s\">Leer m\u00e1s<\/a><\/div><\/div><\/div><\/div><\/div><\/div><div class=\"vc_clearfix\"><\/div><\/div><div class=\"vc_grid-item vc_clearfix vc_col-sm-4 vc_grid-item-zone-c-bottom\"><div class=\"vc_grid-item-mini vc_clearfix\"><div class=\"vc_gitem-animated-block\" ><div class=\"vc_gitem-zone vc_gitem-zone-a vc-gitem-zone-height-mode-auto vc-gitem-zone-height-mode-auto-4-3 vc_gitem-is-link\" style=\"background-image: url('https:\/\/staging.raizverde.com\/wp-content\/uploads\/2020\/04\/featured-1024x538.jpg') !important;\"><a href=\"https:\/\/staging.raizverde.com\/en\/servicios\/poda-de-palmeras\/\" title=\"Pruning of Palm Trees\" class=\"vc_gitem-link vc-zone-link\" ><\/a><img decoding=\"async\" class=\"vc_gitem-zone-img\" src=\"https:\/\/staging.raizverde.com\/wp-content\/uploads\/2020\/04\/featured-1024x538.jpg\" alt=\"Empresa de podas en Alicante, Murcia, Valencia y Castell\u00f3n - Ra\u00edz Verde\" loading=\"lazy\"><div class=\"vc_gitem-zone-mini\"><\/div><\/div><\/div><div class=\"vc_gitem-zone vc_gitem-zone-c vc_custom_1419240516480\"><div class=\"vc_gitem-zone-mini\"><div class=\"vc_gitem_row vc_row vc_gitem-row-position-top\"><div class=\"vc_col-sm-12 vc_gitem-col vc_gitem-col-align- vc_custom_1687984996717\"><div class=\"vc_custom_heading vc_gitem-post-data vc_gitem-post-data-source-post_title\" ><h3 style=\"text-align: left\" ><a href=\"https:\/\/staging.raizverde.com\/en\/servicios\/poda-de-palmeras\/\" class=\"vc_gitem-link\" title=\"Pruning of Palm Trees\">Pruning of Palm Trees<\/a><\/h3><\/div><div class=\"vc_custom_heading vc_gitem-post-data vc_gitem-post-data-source-post_excerpt\" ><p style=\"text-align: left\" ><p>Poda de Palmeras La poda de palmeras en Alicante, Murcia, Valencia y Castell\u00f3n es ahora m\u00e1s f\u00e1cil y eficaz que nunca con nuestro servicio de PODA DE PALMERAS. Nuestro equipo profesional de expertos est\u00e1 aqu\u00ed para proporcionar el mejor servicio de poda para sus palmeras en la regi\u00f3n, asegurando que se mantengan sanas y fuertes.&hellip;<\/p>\n<\/p><\/div><div class=\"vc_btn3-container vc_btn3-left vc_custom_1687985255226\"><a class=\"vc_general vc_btn3 vc_btn3-size-md vc_btn3-shape-rounded vc_btn3-style-flat vc_btn3-color-green\" a href=\"https:\/\/staging.raizverde.com\/en\/servicios\/poda-de-palmeras\/\" title=\"Leer m\u00e1s\">Leer m\u00e1s<\/a><\/div><\/div><\/div><\/div><\/div><\/div><div class=\"vc_clearfix\"><\/div><\/div><div class=\"vc_grid-item vc_clearfix vc_col-sm-4 vc_grid-item-zone-c-bottom\"><div class=\"vc_grid-item-mini vc_clearfix\"><div class=\"vc_gitem-animated-block\" ><div class=\"vc_gitem-zone vc_gitem-zone-a vc-gitem-zone-height-mode-auto vc-gitem-zone-height-mode-auto-4-3 vc_gitem-is-link\" style=\"background-image: url('https:\/\/staging.raizverde.com\/wp-content\/uploads\/2020\/04\/featured-1-1024x538.jpg') !important;\"><a href=\"https:\/\/staging.raizverde.com\/en\/servicios\/poda-de-arboles\/\" title=\"Tree pruning\" class=\"vc_gitem-link vc-zone-link\" ><\/a><img decoding=\"async\" class=\"vc_gitem-zone-img\" src=\"https:\/\/staging.raizverde.com\/wp-content\/uploads\/2020\/04\/featured-1-1024x538.jpg\" alt=\"Poda de \u00e1rboles en Alicante, Castell\u00f3n, Valencia y Murcia\" loading=\"lazy\"><div class=\"vc_gitem-zone-mini\"><\/div><\/div><\/div><div class=\"vc_gitem-zone vc_gitem-zone-c vc_custom_1419240516480\"><div class=\"vc_gitem-zone-mini\"><div class=\"vc_gitem_row vc_row vc_gitem-row-position-top\"><div class=\"vc_col-sm-12 vc_gitem-col vc_gitem-col-align- vc_custom_1687984996717\"><div class=\"vc_custom_heading vc_gitem-post-data vc_gitem-post-data-source-post_title\" ><h3 style=\"text-align: left\" ><a href=\"https:\/\/staging.raizverde.com\/en\/servicios\/poda-de-arboles\/\" class=\"vc_gitem-link\" title=\"Tree pruning\">Tree pruning<\/a><\/h3><\/div><div class=\"vc_custom_heading vc_gitem-post-data vc_gitem-post-data-source-post_excerpt\" ><p style=\"text-align: left\" ><p>PODA DE \u00c1RBOLES En Poda de \u00c1rboles ofrecemos un servicio profesional y fiable de poda de \u00e1rboles en Alicante, Murcia, Valencia y Castell\u00f3n. Nuestro equipo de arboricultores altamente cualificados y experimentados le ayudar\u00e1 a mejorar la salud, estructura y belleza de sus \u00e1rboles, asegur\u00e1ndose de que sean podados y mantenidos de forma segura y eficaz.&hellip;<\/p>\n<\/p><\/div><div class=\"vc_btn3-container vc_btn3-left vc_custom_1687985255226\"><a class=\"vc_general vc_btn3 vc_btn3-size-md vc_btn3-shape-rounded vc_btn3-style-flat vc_btn3-color-green\" a href=\"https:\/\/staging.raizverde.com\/en\/servicios\/poda-de-arboles\/\" title=\"Leer m\u00e1s\">Leer m\u00e1s<\/a><\/div><\/div><\/div><\/div><\/div><\/div><div class=\"vc_clearfix\"><\/div><\/div><div class=\"vc_grid-item vc_clearfix vc_col-sm-4 vc_grid-item-zone-c-bottom\"><div class=\"vc_grid-item-mini vc_clearfix\"><div class=\"vc_gitem-animated-block\" ><div class=\"vc_gitem-zone vc_gitem-zone-a vc-gitem-zone-height-mode-auto vc-gitem-zone-height-mode-auto-4-3 vc_gitem-is-link\" style=\"background-image: url('https:\/\/staging.raizverde.com\/wp-content\/uploads\/2020\/05\/tala-de-palmeras-valencia-1-1024x538.jpg') !important;\"><a href=\"https:\/\/staging.raizverde.com\/en\/servicios\/tala-de-palmeras\/\" title=\"Felling of palm trees\" class=\"vc_gitem-link vc-zone-link\" ><\/a><img decoding=\"async\" class=\"vc_gitem-zone-img\" src=\"https:\/\/staging.raizverde.com\/wp-content\/uploads\/2020\/05\/tala-de-palmeras-valencia-1-1024x538.jpg\" alt=\"Tala de palmeras en Murcia, Alicante, Valencia y Castell\u00f3n\" loading=\"lazy\"><div class=\"vc_gitem-zone-mini\"><\/div><\/div><\/div><div class=\"vc_gitem-zone vc_gitem-zone-c vc_custom_1419240516480\"><div class=\"vc_gitem-zone-mini\"><div class=\"vc_gitem_row vc_row vc_gitem-row-position-top\"><div class=\"vc_col-sm-12 vc_gitem-col vc_gitem-col-align- vc_custom_1687984996717\"><div class=\"vc_custom_heading vc_gitem-post-data vc_gitem-post-data-source-post_title\" ><h3 style=\"text-align: left\" ><a href=\"https:\/\/staging.raizverde.com\/en\/servicios\/tala-de-palmeras\/\" class=\"vc_gitem-link\" title=\"Felling of palm trees\">Felling of palm trees<\/a><\/h3><\/div><div class=\"vc_custom_heading vc_gitem-post-data vc_gitem-post-data-source-post_excerpt\" ><p style=\"text-align: left\" ><p>Tala de palmeras Presentamos TALA DE PALMERAS, el primer servicio de tala de palmeras en Alicante, Murcia, Valencia y Castell\u00f3n. Tenemos los conocimientos, la experiencia y el equipo para hacer el trabajo bien hecho. Nuestro personal est\u00e1 especialmente formado para manejar todo tipo de retirada de palmeras, desde \u00e1rboles individuales hasta proyectos a gran escala.&hellip;<\/p>\n<\/p><\/div><div class=\"vc_btn3-container vc_btn3-left vc_custom_1687985255226\"><a class=\"vc_general vc_btn3 vc_btn3-size-md vc_btn3-shape-rounded vc_btn3-style-flat vc_btn3-color-green\" a href=\"https:\/\/staging.raizverde.com\/en\/servicios\/tala-de-palmeras\/\" title=\"Leer m\u00e1s\">Leer m\u00e1s<\/a><\/div><\/div><\/div><\/div><\/div><\/div><div class=\"vc_clearfix\"><\/div><\/div><div class=\"vc_grid-item vc_clearfix vc_col-sm-4 vc_grid-item-zone-c-bottom\"><div class=\"vc_grid-item-mini vc_clearfix\"><div class=\"vc_gitem-animated-block\" ><div class=\"vc_gitem-zone vc_gitem-zone-a vc-gitem-zone-height-mode-auto vc-gitem-zone-height-mode-auto-4-3 vc_gitem-is-link\" style=\"background-image: url('https:\/\/staging.raizverde.com\/wp-content\/uploads\/2020\/05\/tala-de-arboles-murcia-1024x538.jpg') !important;\"><a href=\"https:\/\/staging.raizverde.com\/en\/servicios\/tala-de-arboles\/\" title=\"Tree felling\" class=\"vc_gitem-link vc-zone-link\" ><\/a><img decoding=\"async\" class=\"vc_gitem-zone-img\" src=\"https:\/\/staging.raizverde.com\/wp-content\/uploads\/2020\/05\/tala-de-arboles-murcia-1024x538.jpg\" alt=\"Tala de \u00e1rboles en Murcia, Alicante, Valencia y Castell\u00f3n\" loading=\"lazy\"><div class=\"vc_gitem-zone-mini\"><\/div><\/div><\/div><div class=\"vc_gitem-zone vc_gitem-zone-c vc_custom_1419240516480\"><div class=\"vc_gitem-zone-mini\"><div class=\"vc_gitem_row vc_row vc_gitem-row-position-top\"><div class=\"vc_col-sm-12 vc_gitem-col vc_gitem-col-align- vc_custom_1687984996717\"><div class=\"vc_custom_heading vc_gitem-post-data vc_gitem-post-data-source-post_title\" ><h3 style=\"text-align: left\" ><a href=\"https:\/\/staging.raizverde.com\/en\/servicios\/tala-de-arboles\/\" class=\"vc_gitem-link\" title=\"Tree felling\">Tree felling<\/a><\/h3><\/div><div class=\"vc_custom_heading vc_gitem-post-data vc_gitem-post-data-source-post_excerpt\" ><p style=\"text-align: left\" ><p>Tala de \u00e1rboles \u00bfBusca servicios de tala de primera categor\u00eda en Alicante, Murcia, Valencia y Castell\u00f3n? No busque m\u00e1s. Nuestro equipo de LOGGING est\u00e1 aqu\u00ed para proporcionarle los servicios de tala de \u00e1rboles de mayor calidad de la zona. Utilizamos las \u00faltimas herramientas y t\u00e9cnicas para asegurar que sus necesidades de tala de \u00e1rboles sean&hellip;<\/p>\n<\/p><\/div><div class=\"vc_btn3-container vc_btn3-left vc_custom_1687985255226\"><a class=\"vc_general vc_btn3 vc_btn3-size-md vc_btn3-shape-rounded vc_btn3-style-flat vc_btn3-color-green\" a href=\"https:\/\/staging.raizverde.com\/en\/servicios\/tala-de-arboles\/\" title=\"Leer m\u00e1s\">Leer m\u00e1s<\/a><\/div><\/div><\/div><\/div><\/div><\/div><div class=\"vc_clearfix\"><\/div><\/div><div class=\"vc_grid-item vc_clearfix vc_col-sm-4 vc_grid-item-zone-c-bottom\"><div class=\"vc_grid-item-mini vc_clearfix\"><div class=\"vc_gitem-animated-block\" ><div class=\"vc_gitem-zone vc_gitem-zone-a vc-gitem-zone-height-mode-auto vc-gitem-zone-height-mode-auto-4-3 vc_gitem-is-link\" style=\"background-image: url('https:\/\/staging.raizverde.com\/wp-content\/uploads\/2020\/05\/picudo-rojo-1024x538.jpg') !important;\"><a href=\"https:\/\/staging.raizverde.com\/en\/servicios\/tratamiento-picudo-rojo\/\" title=\"Red palm weevil treatment\" class=\"vc_gitem-link vc-zone-link\" ><\/a><img decoding=\"async\" class=\"vc_gitem-zone-img\" src=\"https:\/\/staging.raizverde.com\/wp-content\/uploads\/2020\/05\/picudo-rojo-1024x538.jpg\" alt=\"Tratamiento picudo rojo en Murcia, Alicante, Valencia y Castell\u00f3n\" loading=\"lazy\"><div class=\"vc_gitem-zone-mini\"><\/div><\/div><\/div><div class=\"vc_gitem-zone vc_gitem-zone-c vc_custom_1419240516480\"><div class=\"vc_gitem-zone-mini\"><div class=\"vc_gitem_row vc_row vc_gitem-row-position-top\"><div class=\"vc_col-sm-12 vc_gitem-col vc_gitem-col-align- vc_custom_1687984996717\"><div class=\"vc_custom_heading vc_gitem-post-data vc_gitem-post-data-source-post_title\" ><h3 style=\"text-align: left\" ><a href=\"https:\/\/staging.raizverde.com\/en\/servicios\/tratamiento-picudo-rojo\/\" class=\"vc_gitem-link\" title=\"Red palm weevil treatment\">Red palm weevil treatment<\/a><\/h3><\/div><div class=\"vc_custom_heading vc_gitem-post-data vc_gitem-post-data-source-post_excerpt\" ><p style=\"text-align: left\" ><p>Tratamiento picudo rojo Presentamos la soluci\u00f3n perfecta para el tratamiento del picudo rojo en Alicante, Murcia, Valencia y Castell\u00f3n: \u00a1nuestro tratamiento premium contra el picudo rojo! Este producto cuidadosamente desarrollado est\u00e1 espec\u00edficamente dise\u00f1ado para proporcionar una protecci\u00f3n eficaz y duradera contra las infestaciones de picudo rojo, sin causar ning\u00fan da\u00f1o a sus palmeras. Nuestro tratamiento&hellip;<\/p>\n<\/p><\/div><div class=\"vc_btn3-container vc_btn3-left vc_custom_1687985255226\"><a class=\"vc_general vc_btn3 vc_btn3-size-md vc_btn3-shape-rounded vc_btn3-style-flat vc_btn3-color-green\" a href=\"https:\/\/staging.raizverde.com\/en\/servicios\/tratamiento-picudo-rojo\/\" title=\"Leer m\u00e1s\">Leer m\u00e1s<\/a><\/div><\/div><\/div><\/div><\/div><\/div><div class=\"vc_clearfix\"><\/div><\/div><div class=\"vc_grid-item vc_clearfix vc_col-sm-4 vc_grid-item-zone-c-bottom\"><div class=\"vc_grid-item-mini vc_clearfix\"><div class=\"vc_gitem-animated-block\" ><div class=\"vc_gitem-zone vc_gitem-zone-a vc-gitem-zone-height-mode-auto vc-gitem-zone-height-mode-auto-4-3 vc_gitem-is-link\" style=\"background-image: url('https:\/\/staging.raizverde.com\/wp-content\/uploads\/2020\/05\/tratamiento-procesionaria-1024x538.jpg') !important;\"><a href=\"https:\/\/staging.raizverde.com\/en\/servicios\/tratamiento-procesionaria\/\" title=\"Processionary plant treatment\" class=\"vc_gitem-link vc-zone-link\" ><\/a><img decoding=\"async\" class=\"vc_gitem-zone-img\" src=\"https:\/\/staging.raizverde.com\/wp-content\/uploads\/2020\/05\/tratamiento-procesionaria-1024x538.jpg\" alt=\"Tratamiento procesionaria en Murcia, Alicante, Valencia y Castell\u00f3n\" loading=\"lazy\"><div class=\"vc_gitem-zone-mini\"><\/div><\/div><\/div><div class=\"vc_gitem-zone vc_gitem-zone-c vc_custom_1419240516480\"><div class=\"vc_gitem-zone-mini\"><div class=\"vc_gitem_row vc_row vc_gitem-row-position-top\"><div class=\"vc_col-sm-12 vc_gitem-col vc_gitem-col-align- vc_custom_1687984996717\"><div class=\"vc_custom_heading vc_gitem-post-data vc_gitem-post-data-source-post_title\" ><h3 style=\"text-align: left\" ><a href=\"https:\/\/staging.raizverde.com\/en\/servicios\/tratamiento-procesionaria\/\" class=\"vc_gitem-link\" title=\"Processionary plant treatment\">Processionary plant treatment<\/a><\/h3><\/div><div class=\"vc_custom_heading vc_gitem-post-data vc_gitem-post-data-source-post_excerpt\" ><p style=\"text-align: left\" ><p>Tratamiento procesionaria En Ra\u00edz Verde somos expertos en el tratamiento de la procesionaria y ofrecemos servicios especializados en Alicante, Murcia, Valencia y Castell\u00f3n. Nuestro equipo cuenta con las herramientas y productos necesarios para mantener sus pinos libres de la molesta procesionaria. Entendemos la importancia de la prevenci\u00f3n y utilizamos fumigaciones en el momento adecuado para&hellip;<\/p>\n<\/p><\/div><div class=\"vc_btn3-container vc_btn3-left vc_custom_1687985255226\"><a class=\"vc_general vc_btn3 vc_btn3-size-md vc_btn3-shape-rounded vc_btn3-style-flat vc_btn3-color-green\" a href=\"https:\/\/staging.raizverde.com\/en\/servicios\/tratamiento-procesionaria\/\" title=\"Leer m\u00e1s\">Leer m\u00e1s<\/a><\/div><\/div><\/div><\/div><\/div><\/div><div class=\"vc_clearfix\"><\/div><\/div><div class=\"vc_grid-item vc_clearfix vc_col-sm-4 vc_grid-item-zone-c-bottom\"><div class=\"vc_grid-item-mini vc_clearfix\"><div class=\"vc_gitem-animated-block\" ><div class=\"vc_gitem-zone vc_gitem-zone-a vc-gitem-zone-height-mode-auto vc-gitem-zone-height-mode-auto-4-3 vc_gitem-is-link\" style=\"background-image: url('https:\/\/staging.raizverde.com\/wp-content\/uploads\/2020\/05\/recogida-de-podas-alicante.jpg') !important;\"><a href=\"https:\/\/staging.raizverde.com\/en\/servicios\/recogida-de-podas\/\" title=\"Pruning collection\" class=\"vc_gitem-link vc-zone-link\" ><\/a><img decoding=\"async\" class=\"vc_gitem-zone-img\" src=\"https:\/\/staging.raizverde.com\/wp-content\/uploads\/2020\/05\/recogida-de-podas-alicante.jpg\" alt=\"Pruning collection\" loading=\"lazy\"><div class=\"vc_gitem-zone-mini\"><\/div><\/div><\/div><div class=\"vc_gitem-zone vc_gitem-zone-c vc_custom_1419240516480\"><div class=\"vc_gitem-zone-mini\"><div class=\"vc_gitem_row vc_row vc_gitem-row-position-top\"><div class=\"vc_col-sm-12 vc_gitem-col vc_gitem-col-align- vc_custom_1687984996717\"><div class=\"vc_custom_heading vc_gitem-post-data vc_gitem-post-data-source-post_title\" ><h3 style=\"text-align: left\" ><a href=\"https:\/\/staging.raizverde.com\/en\/servicios\/recogida-de-podas\/\" class=\"vc_gitem-link\" title=\"Pruning collection\">Pruning collection<\/a><\/h3><\/div><div class=\"vc_custom_heading vc_gitem-post-data vc_gitem-post-data-source-post_excerpt\" ><p style=\"text-align: left\" ><p>Recogida de Podas Recogida de Podas en Alicante, Murcia, Valencia y Castell\u00f3n. Recogida de Podas En Ra\u00edz Verde ofrecemos un servicio de recogida de desechos de podas o talas. Una vez realizada la poda de palmeras o tala de \u00e1rboles nos encargamos de retirar los restos de hojas y ramas, de manera r\u00e1pida y eficaz.&hellip;<\/p>\n<\/p><\/div><div class=\"vc_btn3-container vc_btn3-left vc_custom_1687985255226\"><a class=\"vc_general vc_btn3 vc_btn3-size-md vc_btn3-shape-rounded vc_btn3-style-flat vc_btn3-color-green\" a href=\"https:\/\/staging.raizverde.com\/en\/servicios\/recogida-de-podas\/\" title=\"Leer m\u00e1s\">Leer m\u00e1s<\/a><\/div><\/div><\/div><\/div><\/div><\/div><div class=\"vc_clearfix\"><\/div><\/div><\/div><\/div>\n\t<\/div>\n<\/div><\/div><\/div><\/div><\/div><div class=\"vc_row wpb_row vc_row-fluid vc_custom_1621347794228\"><div class=\"wpb_column vc_column_container vc_col-sm-2\"><div class=\"vc_column-inner\"><div class=\"wpb_wrapper\"><\/div><\/div><\/div><div class=\"wpb_column vc_column_container vc_col-sm-8\"><div class=\"vc_column-inner\"><div class=\"wpb_wrapper\">\n\t<div class=\"wpb_text_column wpb_content_element  text-center\" >\n\t\t<div class=\"wpb_wrapper\">\n\t\t\t<blockquote>\n<h3>CONSEJO DE JARDINER\u00cdA DEL D\u00cdA:<\/h3>\n<p>Riega en el momento adecuado! Riega tus plantas temprano en la ma\u00f1ana o al atardecer para evitar la evaporaci\u00f3n del agua y garantizar una mejor absorci\u00f3n.\n<\/p><\/blockquote>\n\n\t\t<\/div>\n\t<\/div>\n<\/div><\/div><\/div><div class=\"wpb_column vc_column_container vc_col-sm-2\"><div class=\"vc_column-inner\"><div class=\"wpb_wrapper\"><\/div><\/div><\/div><\/div><div data-vc-full-width=\"true\" data-vc-full-width-temp=\"true\" data-vc-full-width-init=\"false\" data-vc-parallax=\"1.5\" class=\"vc_row wpb_row vc_row-fluid contact-wrapper vc_custom_1687977805289 vc_row-has-fill vc_general vc_parallax vc_parallax-content-moving\"><div class=\"white text-center wpb_column vc_column_container vc_col-sm-12\"><div class=\"vc_column-inner vc_custom_1594665541929\"><div class=\"wpb_wrapper\">\n\t<div class=\"wpb_text_column wpb_content_element  white\" >\n\t\t<div class=\"wpb_wrapper\">\n\t\t\t<p><strong>\u00bfTiene alguna consulta o necesita un servicio urgente?<\/strong><br data-start=\"785\" data-end=\"788\" \/>At <strong data-start=\"791\" data-end=\"805\">Green Root<\/strong> atendemos <strong data-start=\"816\" data-end=\"843\">consultas y emergencias<\/strong> de forma r\u00e1pida y profesional, <strong data-start=\"875\" data-end=\"902\">los 7 d\u00edas de la semana<\/strong>, incluidos fines de semana y festivos.<\/p>\n\n\t\t<\/div>\n\t<\/div>\n<div class=\"vc_empty_space\"   style=\"height: 20px\"><span class=\"vc_empty_space_inner\"><\/span><\/div><div class=\"vc_row wpb_row vc_inner vc_row-fluid\"><div class=\"wpb_column vc_column_container vc_col-sm-1\/5\"><div class=\"vc_column-inner\"><div class=\"wpb_wrapper\"><\/div><\/div><\/div><div class=\"wpb_column vc_column_container vc_col-sm-1\/5\"><div class=\"vc_column-inner\"><div class=\"wpb_wrapper\">\n\t<div class=\"wpb_text_column wpb_content_element  wpb_animate_when_almost_visible wpb_fadeInLeft fadeInLeft vc_custom_1769526879929 text-center text-md-right\" >\n\t\t<div class=\"wpb_wrapper\">\n\t\t\t<p><a class=\"button\" href=\"https:\/\/www.raizverde.com\/contacto\/\" target=\"_self\" rel=\"noopener\">Email<\/a><\/p>\n\n\t\t<\/div>\n\t<\/div>\n<\/div><\/div><\/div><div class=\"wpb_column vc_column_container vc_col-sm-1\/5\"><div class=\"vc_column-inner\"><div class=\"wpb_wrapper\">\n\t<div class=\"wpb_text_column wpb_content_element  wpb_animate_when_almost_visible wpb_fadeInUp fadeInUp vc_custom_1687978164696 text-center\" >\n\t\t<div class=\"wpb_wrapper\">\n\t\t\t<p><a class=\"button call-conversion\" href=\"tel:644368939\">Llamar<\/a><\/p>\n\n\t\t<\/div>\n\t<\/div>\n<\/div><\/div><\/div><div class=\"wpb_column vc_column_container vc_col-sm-1\/5\"><div class=\"vc_column-inner\"><div class=\"wpb_wrapper\">\n\t<div class=\"wpb_text_column wpb_content_element  wpb_animate_when_almost_visible wpb_fadeInRight fadeInRight vc_custom_1769526863844 text-center text-md-left\" >\n\t\t<div class=\"wpb_wrapper\">\n\t\t\t<p><a class=\"button whatsapp-conversion\" href=\"\/\/api.whatsapp.com\/send?phone=+34644368939\" target=\"_blank\" rel=\"noopener\">Whatsapp<\/a><\/p>\n\n\t\t<\/div>\n\t<\/div>\n<\/div><\/div><\/div><div class=\"wpb_column vc_column_container vc_col-sm-1\/5\"><div class=\"vc_column-inner\"><div class=\"wpb_wrapper\"><\/div><\/div><\/div><\/div><\/div><\/div><\/div><\/div><div class=\"vc_row-full-width vc_clearfix\"><\/div><div class=\"vc_row wpb_row vc_row-fluid\"><div class=\"wpb_column vc_column_container vc_col-sm-12\"><div class=\"vc_column-inner\"><div class=\"wpb_wrapper\">\n\t<div class=\"wpb_text_column wpb_content_element  text-center\" >\n\t\t<div class=\"wpb_wrapper\">\n\t\t\t<div class=\"rank-math-contact-info show-name show-organization_description show-email show-address show-hours show-phone show-additional_info show-map\"><div class=\"rank-math-contact-section rank-math-contact-name\">\t\t<h4 class=\"rank-math-name\">\n\t\t\t<a href=\"https:\/\/www.raizverde.com\" target=\"_blank\" rel=\"noopener\">PRUNING COMPANY, RaizVerde<\/a>\n\t\t<\/h4>\n\t\t<\/div><div class=\"rank-math-contact-section rank-math-contact-organization_description\"><\/div><div class=\"rank-math-contact-section rank-math-contact-email\"><\/div><div class=\"rank-math-contact-section rank-math-contact-address\"><\/div><div class=\"rank-math-contact-section rank-math-contact-hours\">\t\t<label>Hours:<\/label>\n\t\t<div class=\"rank-math-contact-hours-details\">\n\t\t\t<div class=\"rank-math-opening-hours\"><span class=\"rank-math-opening-days\">Monday, Tuesday, Wednesday, Thursday, Friday, Saturday, Sunday<\/span><span class=\"rank-math-opening-time\">09:00 &ndash; 17:00<\/span><\/div>\t\t<\/div>\n\t\t<\/div><div class=\"rank-math-contact-section rank-math-contact-phone\"><\/div><div class=\"rank-math-contact-section rank-math-contact-additional_info\"><\/div><div class=\"rank-math-contact-section rank-math-contact-map\"><\/div><\/div><div class=\"clear\"><\/div>\n\n\t\t<\/div>\n\t<\/div>\n<\/div><\/div><\/div><\/div>\n<\/div>","protected":false},"excerpt":{"rendered":"<p>Servicios profesionales de poda, tala y cuidado de \u00e1rboles y palmeras En Ra\u00edz Verde ofrecemos una amplia gama de servicios de poda en altura, tala de \u00e1rboles y palmeras y tratamientos fitosanitarios, trabajando con total seguridad y profesionalidad en todo el \u00e1mbito nacional. Nuestro equipo de especialistas se encarga de cada proyecto de forma personalizada,&hellip;<\/p>","protected":false},"author":1,"featured_media":2648,"parent":0,"menu_order":0,"comment_status":"closed","ping_status":"closed","template":"","meta":{"give_campaign_id":0,"inline_featured_image":false,"footnotes":""},"class_list":["post-1434","page","type-page","status-publish","has-post-thumbnail","hentry","description-off"],"campaignId":"","_links":{"self":[{"href":"https:\/\/staging.raizverde.com\/en\/wp-json\/wp\/v2\/pages\/1434","targetHints":{"allow":["GET"]}}],"collection":[{"href":"https:\/\/staging.raizverde.com\/en\/wp-json\/wp\/v2\/pages"}],"about":[{"href":"https:\/\/staging.raizverde.com\/en\/wp-json\/wp\/v2\/types\/page"}],"author":[{"embeddable":true,"href":"https:\/\/staging.raizverde.com\/en\/wp-json\/wp\/v2\/users\/1"}],"replies":[{"embeddable":true,"href":"https:\/\/staging.raizverde.com\/en\/wp-json\/wp\/v2\/comments?post=1434"}],"version-history":[{"count":4,"href":"https:\/\/staging.raizverde.com\/en\/wp-json\/wp\/v2\/pages\/1434\/revisions"}],"predecessor-version":[{"id":6759,"href":"https:\/\/staging.raizverde.com\/en\/wp-json\/wp\/v2\/pages\/1434\/revisions\/6759"}],"wp:featuredmedia":[{"embeddable":true,"href":"https:\/\/staging.raizverde.com\/en\/wp-json\/wp\/v2\/media\/2648"}],"wp:attachment":[{"href":"https:\/\/staging.raizverde.com\/en\/wp-json\/wp\/v2\/media?parent=1434"}],"curies":[{"name":"wp","href":"https:\/\/api.w.org\/{rel}","templated":true}]}}